{"id":13,"date":"2020-02-14T09:27:23","date_gmt":"2020-02-14T08:27:23","guid":{"rendered":"http:\/\/azqs.com\/velorution-strasbourg\/?page_id=13"},"modified":"2023-03-23T15:02:27","modified_gmt":"2023-03-23T14:02:27","slug":"histoire","status":"publish","type":"page","link":"https:\/\/azqs.com\/velorution-strasbourg\/histoire\/","title":{"rendered":"Histoire"},"content":{"rendered":"<p>&nbsp;<\/p>\n<p><img loading=\"lazy\" decoding=\"async\" class=\"alignleft size-medium wp-image-118\" src=\"http:\/\/azqs.com\/velorution-strasbourg\/files\/2020\/02\/V\u00e9lorution-077_compress98-300x200.jpg\" alt=\"\" width=\"300\" height=\"200\" srcset=\"https:\/\/azqs.com\/velorution-strasbourg\/files\/2020\/02\/V\u00e9lorution-077_compress98-300x200.jpg 300w, https:\/\/azqs.com\/velorution-strasbourg\/files\/2020\/02\/V\u00e9lorution-077_compress98-768x512.jpg 768w, https:\/\/azqs.com\/velorution-strasbourg\/files\/2020\/02\/V\u00e9lorution-077_compress98-1024x683.jpg 1024w, https:\/\/azqs.com\/velorution-strasbourg\/files\/2020\/02\/V\u00e9lorution-077_compress98-100x67.jpg 100w, https:\/\/azqs.com\/velorution-strasbourg\/files\/2020\/02\/V\u00e9lorution-077_compress98-150x100.jpg 150w, https:\/\/azqs.com\/velorution-strasbourg\/files\/2020\/02\/V\u00e9lorution-077_compress98-200x133.jpg 200w, https:\/\/azqs.com\/velorution-strasbourg\/files\/2020\/02\/V\u00e9lorution-077_compress98-450x300.jpg 450w, https:\/\/azqs.com\/velorution-strasbourg\/files\/2020\/02\/V\u00e9lorution-077_compress98-600x400.jpg 600w, https:\/\/azqs.com\/velorution-strasbourg\/files\/2020\/02\/V\u00e9lorution-077_compress98-900x600.jpg 900w\" sizes=\"(max-width: 300px) 100vw, 300px\" \/><\/p>\n<p>La V\u00e9lorution agit notamment par <strong>la masse critique<\/strong>, c\u2019est \u00e0 dire l\u2019occupation de l\u2019espace public par un nombre suffisant de cyclistes permettant leur circulation en toute s\u00e9curit\u00e9 sur une chauss\u00e9e lib\u00e9r\u00e9e des usagers motoris\u00e9s.<\/p>\n<p>La V\u00e9lorution n&rsquo;est pas une marque d\u00e9pos\u00e9e : libre \u00e0 chacun\u00b7e de se saisir de cet outil pour porter, publiquement, une revendication cycliste, locale ou nationale.<\/p>\n<p>L\u2019historique des actions cyclables, militantes et festives \u00e0 Strasbourg et dans l\u2019agglom\u00e9ration, port\u00e9es au fil du temps par le collectif V\u00e9lorution, le <a href=\"http:\/\/crep.strasbourg.free.fr\/\" target=\"_blank\" rel=\"noopener noreferrer\">C.R.E.P<\/a> ou d&rsquo;autres ami\u00b7e\u00b7s du v\u00e9lo :<\/p>\n<ul>\n<li>Samedi 1er Avril <a href=\"http:\/\/azqs.com\/velo\/2023\/03\/17\/samedi-1-avril-2023-a-1000-velorution-de-koenigshoffen\/\" target=\"_blank\" rel=\"noopener\">V\u00e9lorution de Koenigshoffen<\/a><\/li>\n<li>Samedi 25 mars <a href=\"https:\/\/www.strasbourgavelo.org\/marche-velorutionnaire-a-bischheim-le-25-mars\/\" target=\"_blank\" rel=\"noopener\">Marche V\u00e9lorutionaire<\/a> Bischheim<\/li>\n<li>8 octobre 2022 la V\u00e9lorution \u00e0 Bischheim et Schilick <a href=\"https:\/\/azqs.com\/velorution-strasbourg\/2022\/10\/14\/la-velorution-du-8-octobre-2022-a-bischheim-et-schilick-en-images\/\">en images<\/a><\/li>\n<li>Samedi 28 janvier 2022 V\u00e9lorution <a href=\"http:\/\/Samedi 28 janvier 2022 Place de Haguenau \u00e0 Strasbourg\">SBH<\/a> place de Haguenau \u00e0 Strasbourg<\/li>\n<li>27 mars 2021 : 3<sup>\u00e8me<\/sup> V\u00e9lorution route de Bischwiller \u00e0 Schiltigheim-Bischheim-Hoenheim : <a href=\"http:\/\/azqs.com\/velorution-strasbourg\/2021\/03\/17\/velorution-le-27-mars\/\">\u00ab Fais-moi une place ! \u00bb<\/a><\/li>\n<li>30 janvier 2021 : <a href=\"http:\/\/azqs.com\/velorution-strasbourg\/2021\/01\/21\/velos-dans-le-tram-manifestation\/\">V\u00e9lorution pour le retour des v\u00e9los dans le tram !<\/a><\/li>\n<li>23 septembre 2020 : V\u00e9lorution d\u00e9cal\u00e9e \u00e0 Koenigshoffen, <a href=\"http:\/\/azqs.com\/velorution-strasbourg\/2020\/09\/08\/velorution-de-rentree-des-ronds-pour-les-deux-roues\/\">des ronds pour les deux roues !<\/a><\/li>\n<li>24 juin 2020 : <a href=\"http:\/\/azqs.com\/velorution-strasbourg\/2020\/06\/16\/velorution-votons-velo-2\/\">V\u00e9lorution Votons V\u00e9lo #2<\/a><\/li>\n<li>6 mars 2020 : <a href=\"https:\/\/azqs.com\/velorution-strasbourg\/2020\/03\/08\/velorution-et-soiree-velo-du-6-mars\/\">V\u00e9lorution Votons V\u00e9lo<\/a>, en pr\u00e9sence de repr\u00e9sentants des candidat.e.s aux municipales et d&rsquo;Olivier Schneider<\/li>\n<li><span style=\"font-weight: 400;\">10 novembre 2019 : <a href=\"https:\/\/www.robertsau.eu\/velorution-le-10-novembre-a-strasbourg\/\">V\u00e9lorution #tous\u00e0v\u00e9lo<\/a>, \u00e0 l&rsquo;appel national de la FUB et V\u00e9locit\u00e9 Montpellier<\/span><\/li>\n<li>4 octobre 2019 : V\u00e9lorution \u00e0 Schiltigheim co-organis\u00e9e par le Cadr67 suite \u00e0 un accident mortel<\/li>\n<li>26 avril 2019 : <a href=\"https:\/\/www.robertsau.eu\/ca-va-velorutionner-a-schiltigheim\/\">V\u00e9lorution \u00e0 Schiltigheim<\/a> \u00ab pour que Schilick devienne cyclable \u00bb, 360 participant\u00b7e\u00b7s\u00a0 <a href=\"https:\/\/youtu.be\/TiEukBXDmNI\">La v\u00e9lorution en vid\u00e9o<\/a><\/li>\n<li>23 mars 2019 &#8211; participation \u00e0 la v\u00e9loparade <a href=\"https:\/\/www.heureux-cyclage.org\/rencontres-2019.html\">\u00ab pour sauver les v\u00e9los de la destruction \u00bb<\/a>, dans le cadre de l&rsquo;accueil des rencontres nationales de l\u2019Heureux Cyclage<\/li>\n<li>9 juin 2018 &#8211; balade bucolique et v\u00e9lorutionnaire anti-GCO \u00e0 Kolbsheim<\/li>\n<li>1 juin 2018 &#8211; <a href=\"http:\/\/lestick.azqs.com\/index.php?post\/2018\/06\/01\/velorution_partage_2018\">V\u00e9lorution pour une piste cyclable sur l\u2019avenue des Vosges<\/a> &#8211; <a href=\"https:\/\/youtu.be\/TRRmLaumTu8\">La v\u00e9lorution en vid\u00e9o <\/a><\/li>\n<li>23 septembre 2017 &#8211; <a href=\"https:\/\/c.dna.fr\/edition-de-strasbourg\/2017\/09\/23\/velorution-anti-gco-en-route-pour-kolbsheim\">V\u00e9lorution anti-GCO<\/a>. Toutes et tous \u00e0 v\u00e9lo \u00e0 Kolbsheim !<\/li>\n<li>28 Mai 2016 &#8211; 8<sup>e<\/sup> v\u00e9lorution mensuelle<\/li>\n<li>Mars et avril 2016 &#8211; V\u00e9lorution mensuelle<\/li>\n<li>13 f\u00e9vrier 2016 &#8211; V\u00e9lorution de la Saint V\u00e9lotin<\/li>\n<li>16 Janvier 2016 &#8211; V\u00e9lorution<\/li>\n<li>3 D\u00e9cembre 2015 &#8211; La guerre durable ou la paix ?<\/li>\n<li>7 Novembre 2015 &#8211; V\u00e9lorution mensuelle<\/li>\n<li>9 Octobre 2015 &#8211; V\u00e9lorution mensuelle<\/li>\n<li>20 juin 2015 &#8211; <a href=\"https:\/\/www.rue89strasbourg.com\/velorution-robertsau-2015-88429\">5<sup>e<\/sup> v\u00e9lorution \u00e0 la Roberstau<\/a> \u00ab Vite, des pistes cyclables \u00bb<\/li>\n<li>11 octobre 2014 &#8211; <a href=\"https:\/\/www.robertsau.eu\/4eme-velorution-a-la-robertsau-ya-t-il-quelquun-pour-entendre-les-cyclistes-et-les-pietons\/\">4<sup>e<\/sup> v\u00e9lorution \u00e0 la Robertsau<\/a>\u00a0 \u00ab Vite, des pistes cyclables \u00bb<\/li>\n<li>20 septembre 2014 &#8211; <a href=\"https:\/\/www.robertsau.eu\/3eme-velorution-les-cyclistes-font-du-bruit-a-la-robertsau-et-ce-nest-pas-fini\/\">3<sup>e<\/sup> v\u00e9lorution \u00e0 la Robertsau<\/a>\u00a0 \u00ab Vite, des pistes cyclables \u00bb<\/li>\n<li>21 juin 2014 &#8211; <a href=\"https:\/\/www.robertsau.eu\/concerto-de-sonnettes-pour-plus-de-velo-a-la-robertsau\/\">2<sup>e<\/sup> v\u00e9lorution \u00e0 la Robertsau<\/a>\u00a0 \u00ab Vite, des pistes cyclables \u00bb<\/li>\n<li>17 mai 2014 &#8211; <a href=\"https:\/\/www.robertsau.eu\/une-velorution-a-la-robertsau-pour-une-piste-cyclable-rue-boecklin\/\">V\u00e9lorution \u00e0 la Robertsau<\/a>\u00a0 \u00ab Vite, des pistes cyclables \u00bb<\/li>\n<li>21 septembre 2013 &#8211; <a href=\"http:\/\/crep.strasbourg.free.fr\/spip.php?article188\">V\u00e9lorution \u00ab Ras le Rallye \u00bb<\/a><\/li>\n<li>30 avril 2011 &#8211; <a href=\"http:\/\/crep.strasbourg.free.fr\/spip.php?article182\">Une v\u00e9lorution pour du bon 20 !<\/a><\/li>\n<li>25 septembre 2010 &#8211; <a href=\"http:\/\/crep.strasbourg.free.fr\/spip.php?article168\">Rallye, mon cul !<\/a><\/li>\n<li>2 juillet 2010 &#8211; <a href=\"http:\/\/crep.strasbourg.free.fr\/spip.php?article166\">En selle pour la v\u00e9lorution universelle !<\/a><\/li>\n<li>17 avril 2010 &#8211; <a href=\"http:\/\/crep.strasbourg.free.fr\/spip.php?article75\">V\u00e9lorution cyclosophique<\/a><\/li>\n<li>25 septembre 2009 &#8211; <a href=\"http:\/\/crep.strasbourg.free.fr\/spip.php?article114\">V\u00e9lorution de crise<\/a><\/li>\n<li>20 juin 2009 &#8211; <a href=\"http:\/\/crep.strasbourg.free.fr\/spip.php?article140\">V\u00e9lorution : \u00e0 v\u00e9lo contre le GCO !<\/a><\/li>\n<li>14 mars 2009 &#8211; <a href=\"http:\/\/crep.strasbourg.free.fr\/spip.php?article96\">V\u00e9lorution auto-critique<\/a><\/li>\n<li>8 novembre 2008 &#8211; <a href=\"http:\/\/crep.strasbourg.free.fr\/spip.php?article127\">V\u00e9lo-code-de-la-rue-tion<\/a><\/li>\n<li>14 juin 2008 &#8211; <a href=\"http:\/\/crep.strasbourg.free.fr\/spip.php?article84\">Publicyclettes ou v\u00e9lorution ?<\/a><\/li>\n<li>12 janvier 2008 &#8211; <a href=\"http:\/\/crep.strasbourg.free.fr\/spip.php?article92\">La royale v\u00e9lorution<\/a><\/li>\n<li>19 mai 2007 &#8211; <a href=\"http:\/\/crep.strasbourg.free.fr\/spip.php?article62\">V\u00e9lorution champ\u00eatre<\/a><\/li>\n<li>17 f\u00e9vrier 2007 &#8211; <a href=\"http:\/\/crep.strasbourg.free.fr\/spip.php?article71\">V\u00e9lorution carnavalesque<\/a><\/li>\n<li>22 septembre 2006 &#8211; <a href=\"http:\/\/crep.strasbourg.free.fr\/spip.php?article60\">V\u00e9lorution giratoire<\/a><\/li>\n<li>24 juin 2006 &#8211; <a href=\"http:\/\/crep.strasbourg.free.fr\/spip.php?article51\">V\u00e9lorution d\u2019\u00e9t\u00e9<\/a><\/li>\n<li>22 avril 2006 &#8211; V\u00e9lorution de printemps<\/li>\n<li>21 janvier 2006 &#8211; V\u00e9lorution d\u2019hiver<\/li>\n<li>22 octobre 2005 &#8211; V\u00e9lorution d\u2019automne<\/li>\n<li>9 juillet 2005 &#8211; V\u00e9lorution : r\u00e9p\u00e9tition g\u00e9n\u00e9rale !<\/li>\n<\/ul>\n","protected":false},"excerpt":{"rendered":"<p>&nbsp; La V\u00e9lorution agit notamment par la masse critique, c\u2019est \u00e0 dire l\u2019occupation de l\u2019espace public &hellip;<\/p>\n<p class=\"read-more\"> <a class=\"more-link\" href=\"https:\/\/azqs.com\/velorution-strasbourg\/histoire\/\"> <span class=\"screen-reader-text\">Histoire<\/span> Read more \u2192<\/a><\/p>\n","protected":false},"author":327,"featured_media":0,"parent":0,"menu_order":2,"comment_status":"closed","ping_status":"closed","template":"","meta":{"footnotes":""},"class_list":["post-13","page","type-page","status-publish","hentry"],"_links":{"self":[{"href":"https:\/\/azqs.com\/velorution-strasbourg\/wp-json\/wp\/v2\/pages\/13"}],"collection":[{"href":"https:\/\/azqs.com\/velorution-strasbourg\/wp-json\/wp\/v2\/pages"}],"about":[{"href":"https:\/\/azqs.com\/velorution-strasbourg\/wp-json\/wp\/v2\/types\/page"}],"author":[{"embeddable":true,"href":"https:\/\/azqs.com\/velorution-strasbourg\/wp-json\/wp\/v2\/users\/327"}],"replies":[{"embeddable":true,"href":"https:\/\/azqs.com\/velorution-strasbourg\/wp-json\/wp\/v2\/comments?post=13"}],"version-history":[{"count":6,"href":"https:\/\/azqs.com\/velorution-strasbourg\/wp-json\/wp\/v2\/pages\/13\/revisions"}],"predecessor-version":[{"id":1662,"href":"https:\/\/azqs.com\/velorution-strasbourg\/wp-json\/wp\/v2\/pages\/13\/revisions\/1662"}],"wp:attachment":[{"href":"https:\/\/azqs.com\/velorution-strasbourg\/wp-json\/wp\/v2\/media?parent=13"}],"curies":[{"name":"wp","href":"https:\/\/api.w.org\/{rel}","templated":true}]}}