{"id":2,"date":"2019-10-03T12:11:22","date_gmt":"2019-10-03T10:11:22","guid":{"rendered":"http:\/\/azqs.com\/schilyclette\/?page_id=2"},"modified":"2021-08-22T15:32:41","modified_gmt":"2021-08-22T13:32:41","slug":"asso","status":"publish","type":"page","link":"https:\/\/azqs.com\/schilyclette\/asso\/","title":{"rendered":"Notre association"},"content":{"rendered":"<p><strong>La Schilyclette<\/strong><em>, mais qu&rsquo;est-ce que c&rsquo;est ?<\/em><\/p>\n<p>C&rsquo;est lors de la V\u00e9lorution du 26 avril 2019 que quelques Schilickois.es, passionn\u00e9.e.s et convaincu\u00b7e\u00b7s de v\u00e9lo, se sont rencontr\u00e9\u00b7e\u00b7s.<\/p>\n<p>Apr\u00e8s le d\u00e9sir exprim\u00e9 de pouvoir se d\u00e9placer en toute s\u00e9curit\u00e9 au sein de l&rsquo;Eurom\u00e9tropole de Strasbourg et plus particuli\u00e8rement \u00e0 Schiltigheim, les discussions ont tr\u00e8s vite tourn\u00e9 autour de l&rsquo;absence d&rsquo;un atelier d&rsquo;autor\u00e9paration de v\u00e9lo dans notre ville.<\/p>\n<p>On a tr\u00e8s vite envi\u00e9 <a href=\"https:\/\/bretzselle.org\/\">Bretz&rsquo;selle<\/a>, la V\u00e9lostation ou <a href=\"http:\/\/lestick.azqs.com\/\">le Stick<\/a>&#8230;<br \/>\nAlors nous nous sommes dit :<strong><em> \u00ab Puisque \u00e7a nous manque, faisons-le ! \u00bb<\/em><\/strong><\/p>\n<p>Et c&rsquo;est ainsi que la bande de joyeux lurons s&rsquo;est cr\u00e9\u00e9e de toutes pi\u00e8ces &#8211; plus ou moins d\u00e9tach\u00e9es &#8211; \u00e0 partir de bric et de broc dans un immense bric-\u00e0-brac, dans la cour de notre ami \u00e0 tou\u00b7te\u00b7s Benjamin.<\/p>\n<p>&nbsp;<\/p>\n<p>Pour en savoir plus sur les permanences de notre atelier, clique <a href=\"http:\/\/azqs.com\/schilyclette\/les-ateliers\/\">ici<\/a><\/p>\n","protected":false},"excerpt":{"rendered":"<p>La Schilyclette, mais qu&rsquo;est-ce que c&rsquo;est ? C&rsquo;est lors de la V\u00e9lorution du 26 avril 2019 que quelques Schilickois.es, passionn\u00e9.e.s et convaincu\u00b7e\u00b7s de v\u00e9lo, se sont rencontr\u00e9\u00b7e\u00b7s. Apr\u00e8s le d\u00e9sir exprim\u00e9 de pouvoir se d\u00e9placer en toute s\u00e9curit\u00e9 au sein &hellip; <a href=\"https:\/\/azqs.com\/schilyclette\/asso\/\">Continuer la lecture <span class=\"meta-nav\">&rarr;<\/span><\/a><\/p>\n","protected":false},"author":327,"featured_media":0,"parent":0,"menu_order":0,"comment_status":"closed","ping_status":"closed","template":"","meta":{"footnotes":""},"class_list":["post-2","page","type-page","status-publish","hentry"],"_links":{"self":[{"href":"https:\/\/azqs.com\/schilyclette\/wp-json\/wp\/v2\/pages\/2"}],"collection":[{"href":"https:\/\/azqs.com\/schilyclette\/wp-json\/wp\/v2\/pages"}],"about":[{"href":"https:\/\/azqs.com\/schilyclette\/wp-json\/wp\/v2\/types\/page"}],"author":[{"embeddable":true,"href":"https:\/\/azqs.com\/schilyclette\/wp-json\/wp\/v2\/users\/327"}],"replies":[{"embeddable":true,"href":"https:\/\/azqs.com\/schilyclette\/wp-json\/wp\/v2\/comments?post=2"}],"version-history":[{"count":5,"href":"https:\/\/azqs.com\/schilyclette\/wp-json\/wp\/v2\/pages\/2\/revisions"}],"predecessor-version":[{"id":351,"href":"https:\/\/azqs.com\/schilyclette\/wp-json\/wp\/v2\/pages\/2\/revisions\/351"}],"wp:attachment":[{"href":"https:\/\/azqs.com\/schilyclette\/wp-json\/wp\/v2\/media?parent=2"}],"curies":[{"name":"wp","href":"https:\/\/api.w.org\/{rel}","templated":true}]}}