{"id":32,"date":"2025-05-03T21:40:45","date_gmt":"2025-05-03T19:40:45","guid":{"rendered":"https:\/\/azqs.com\/nathaliesavey\/?page_id=32"},"modified":"2025-05-04T22:00:27","modified_gmt":"2025-05-04T20:00:27","slug":"biographie","status":"publish","type":"page","link":"https:\/\/azqs.com\/nathaliesavey\/biographie\/","title":{"rendered":"Biographie \/\/"},"content":{"rendered":"<p><strong>2025<\/strong> \u2022 Voir \/ Peindre \/ Photographier exposition avec Pascal H. Poirot peintre, au coll\u00e8ge<br \/>\n\u00e0 Dambach-La-Ville dans le cadre d\u2019ateliers avec le Pass Culturel Pro<br \/>\n\u2022 L\u2019\u00e9v\u00e9nement photographique H2O entre Charybde et Scyilla exposition collective,<br \/>\nl\u2019octroi \u00e0 Nancy.<br \/>\n\u2022 Autopsie d\u2019un souffle exposition avec Young June Kin, galerie In Extremis \u00e0 Strasbourg<\/p>\n<h3>S\u00c9LECTION D\u2019EXPOSITIONS PERSONNELLES<\/h3>\n<p><strong>2024<\/strong> \u2022 Je suis peut-\u00eatre enfouie au sein des montagnes galerie des ateliers Les \u00e9curies \u00e0 Lure<br \/>\n<strong>2022<\/strong> \u2022 Plan\u00e8te sans adieu, photographies et dessins A\u00eetres au Pavillon du lieu d\u2018Europe \u00e0 Strasbourg.<br \/>\n<strong>2020<\/strong> \u2022 \u00catre parmi S\u00e9rie r\u00e9alis\u00e9e en Cor\u00e9e du Sud 2016, Galerie La pierre large \u00e0 Strasbourg<br \/>\n<strong>2019<\/strong> \u2022 \u00catre parmi dans le cadre du Festival du Printemps Cor\u00e9en, 7e \u00e9dition, \u00e0 Nantes<br \/>\n<strong>2016<\/strong> \u2022 Nathalie Savey M\u00e9diath\u00e8que de Cernay<br \/>\n<strong>2015<\/strong> \u2022 Nathalie Savey exposition lors de la publication de ma monographie par<br \/>\nL\u2019Atelier Contemporain avec le soutien de la DRAC Alsace, la Ville de Strasbourg,<br \/>\nle CEAAC, galerie In Extremis \u00e0 Strasbourg<br \/>\n\u2022 La rencontre du ciel et des yeux : la cath\u00e9drale de Nathalie Savey Artoth\u00e8que de la ville<br \/>\nde Strasbourg dans le cadre du programme : Mill\u00e9naire des fondations de la cath\u00e9drale<br \/>\nde Strasbourg<br \/>\n<strong>2013<\/strong> \u2022 Break in the clouds galerie In Extremis \u00e0 Strasbourg<br \/>\n\u2022 In the shadow of mountains gallery Lux \u00e0 S\u00e9oul, soutien Institut Fran\u00e7ais<br \/>\n<strong>2012<\/strong> \u2022 Hors champs galerie Confluence \u00e0 Nantes<br \/>\n<strong>2008<\/strong> \u2022 Les Montagnes R\u00eav\u00e9es galerie In Extremis \u00e0 Strasbourg, soutien DRAC Alsace.<br \/>\n\u2022 Les Alice et Figures Le L\u00e9zard \u00e0 Colmar<br \/>\n<strong>2006<\/strong> \u2022 Horizons, R\u00e9miniscences galerie Fran\u00e7oise Besson \u00e0 Lyon<br \/>\n\u2022 Horizons, R\u00e9miniscences Chapitre de Saint Thomas \u00e0 Strasbourg, soutien Drac Alsace,<br \/>\nville de Strasbourg, les \u00c9glises Protestantes<br \/>\n<strong>2002<\/strong> \u2022 Portraits de r\u00e9alisateurs et d\u2019acteurs au Festival du Film Fran\u00e7ais \u00e0 S\u00e9oul<br \/>\n\u2022 Les Alice \u00e0 Institut Fran\u00e7ais de Stuttgart en Allemagne avec catalogue, soutien Ville<br \/>\nde Strasbourg<br \/>\n\u2022 Les Envol\u00e9es Institut Fran\u00e7ais de Rostock, de Dresde et de Hambourg en Allemagne<br \/>\n<strong>2001<\/strong> \u2022 Les Envol\u00e9es au Clo\u00eetre des Dominicains \u00e0 Guebwiller<br \/>\n<strong>2000<\/strong> \u2022 Les Envol\u00e9es avec les po\u00e8mes de Philippe Jaccottet gravures sur verre, Clo\u00eetre biblioth\u00e8que<br \/>\nde Colmar<br \/>\n<strong>1998<\/strong> \u2022 Les Envol\u00e9es avec les po\u00e8mes de Philippe Jaccottet, gravures sur verre, Clo\u00eetre Saint Pierre<br \/>\nle Jeune \u00e0 Strasbourg, soutien Ville de Strasbourg, DRAC Alsace, du Conseil R\u00e9gional d\u2019Alsace<br \/>\n<strong>1996<\/strong> \u2022 Sols Le L\u00e9zard \u00e0 Colmar<br \/>\n<strong>1995<\/strong> \u2022 Sols Stimultania \u00e0 Strasbourg, soutien Ville de Strasbourg<\/p>\n<h3>S\u00c9LECTION D\u2019EXPOSITIONS COLLECTIVES<\/h3>\n<p><strong>2024<\/strong> \u2022 Dialogues contemporains Aujourd\u2019hui, les dix hauts lieux de la m\u00e9moire nationale,<br \/>\nNicolas Daubanes et les trois FRAC du Grand Est au Centre Europ\u00e9en du R\u00e9sistant D\u00e9port\u00e9,<br \/>\nancien camp de concentration au Struthof, exposition de ma s\u00e9rie Les envol\u00e9es<br \/>\n<strong>2023<\/strong> \u2022 l\u2019\u00c9v\u00e9nement photographique #2 collection de Madeleine Millot-Durrenberger<br \/>\n<strong>2021\/22<\/strong> \u2022 Bestia, les animaux dans la collection W\u00fcrth au Mus\u00e9e W\u00fcrth \u00e0 Erstein, partenariat avec<br \/>\nle Mus\u00e9e Zoologique de Strasbourg et le Frac Alsace, pr\u00e9sentation de ma s\u00e9rie Les envol\u00e9es<br \/>\n<strong>2021<\/strong> \u2022 Circuits courts une d\u00e9cennie d\u2019acquisitions en art contemporain MAMCS Mus\u00e9e d\u2019Art Moderne<br \/>\net Contemporain de Strasbourg, pr\u00e9sentation de ma s\u00e9rie Cheonjyeon, acquisition 2015<br \/>\n\u2022 Pr\u00e9sences Whithout Artgalerie \u00e0 Strasbourg<br \/>\n<strong>2019<\/strong> \u2022 R\u00e9-flexions exposition des acquisitions de l\u2019ann\u00e9e 2017\/2018 au FRAC Alsace Les envol\u00e9es<br \/>\n\u2022 Mutation &#8211; Wandlungen. Regards crois\u00e9s franco-allemands au Hartmannswillerkopf<br \/>\nAvec Tobias D Kern, \u00e0 l\u2019Historial franco-allemand deu Hartmannswillerkopf<br \/>\n<strong>2018<\/strong> \u2022 Mutation &#8211; Wandlungen. Regards crois\u00e9s franco-allemands au Hartmannswillerkopf<br \/>\nau ch\u00e2teau de Messkirch en Allemagne et en France \u00e0 l\u2019abri-m\u00e9moire \u00e0 Uffholtz<br \/>\n\u2022 Pierres curieuses WithoutArtgalerie \u00e0 Strasbourg<br \/>\n\u2022 Tel qu\u2019elles \u00e0 Apollonia Lieu d\u2019\u00e9changes artistiques Europ\u00e9ens \u00e0 Strasbourg<br \/>\n<strong>2017<\/strong> \u2022 Derni\u00e8res nouvelles des \u00e9toiles nouvel accrochage des collections permanentes du MAMCS,<br \/>\nexposition de ma s\u00e9rie de Cheonjiyeon<br \/>\n\u2022 R\u00e9inventer le paysage#2 Galerie Yves Iffrig a Strasbourg<br \/>\n<strong>2016<\/strong> \u2022 Now watching Strasbourg\/S\u00e9oul 2005-2015 au CEAAC dans le cadre de l\u2019ann\u00e9e crois\u00e9e<br \/>\nFrance-Cor\u00e9e et les 10 ann\u00e9es d\u2019\u00e9change artistique entre le CEAAC et l\u2019IASK, Cor\u00e9e du Sud<br \/>\n<strong>2015<\/strong> \u2022 Cheonjiyeon au MAMCS, exposition dans les collections permanentes, acquisition s\u00e9rie<br \/>\nCheonjiyeon<br \/>\n\u2022 Festival du Printemps cor\u00e9en Espace International Cosmopolis \u00e0 Nantes<br \/>\n<strong>2013<\/strong> \u2022 Two faces r\u00e9sidence en Cor\u00e9e du Sud au CEAAC \u00e0 Strasbourg avec Inside View<br \/>\nde Deok Yeoung Gim<br \/>\n\u2022 St\u2019Art stand de l\u2019artoth\u00e8que de la ville Strasbourg<br \/>\n<strong>2012<\/strong> \u2022 Multiple galerie Confluence \u00e0 Nantes<br \/>\n\u2022 Derri\u00e8re le rideau galerie Mathilde Haltzenberger \u00e0 Bruxelles<br \/>\n<strong>2011<\/strong> \u2022 Document terre Maison de la Culture d\u2019Amiens<br \/>\n<strong>2010<\/strong> \u2022 St\u2019Art stand Artoth\u00e8que de la ville de Strasbourg<br \/>\n\u2022 Photographes en Alsace La Filature \u00e0 Mulhouse<br \/>\n<strong>2007<\/strong> \u2022 Un mur, un trou et un visage la Maison d\u2019art Bernard Anthonioz \u00e0 Nogent-sur-Marne<br \/>\nCollection de Madeleine Millot-Durrenberger invit\u00e9e par R\u00e9gis Durand. \u00c9dition Catalogue<br \/>\n<strong>2005<\/strong> \u2022 Jeunes Photographes du Rhin Sup\u00e9rieur Centre Culturel Franco-Allemand \u00e0 Karlsruhe<br \/>\n<strong>2003<\/strong> \u2022 St\u2019Art stand de la Ville Strasbourg, exposition commande de la Ville de Strasbourg<br \/>\nsur La Cath\u00e9drale<br \/>\n<strong>2002<\/strong> \u2022 Entre Belz\u00e9buth et Camarde : une id\u00e9e de ciel comme limite galerie In Extremis \u00e0 Strasbourg<\/p>\n<h3>R\u00c9SIDENCES<\/h3>\n<p><strong>2017<\/strong> \u2022 R\u00e9sidence \u00e0 l\u2019abri-m\u00e9moire Centre culturel et patrimonial sur l\u2019histoire de la grande guerre<br \/>\n\u00e0 Uffholtz, travail photographique sur la montagne Hartmannswillerkopf pour le centenaire<br \/>\nde la guerre de 14\/18.<br \/>\n<strong>2012<\/strong> \u2022 R\u00e9sidence \u00e0 S\u00e9oul en Cor\u00e9e du Sud avec le CEAAC (Centre Europ\u00e9en d\u2019Actions<br \/>\nArtistiques Contemporaines de Strasbourg) et IASK (International Artists Studio Program<br \/>\nChangdong \u00a7 Goyang) et le Mus\u00e9e National d\u2019Art contemporain de la Ville de S\u00e9oul<\/p>\n<h3>BOURSES DE CR\u00c9ATION<\/h3>\n<p><strong>2005<\/strong> \u2022 Bourse d\u2019aide \u00e0 la cr\u00e9ation DRAC Alsace pour la r\u00e9alisation Horizons, r\u00e9miniscences<\/p>\n<h3>COLLECTIONS PUBLIQUES<\/h3>\n<p><strong>2020<\/strong> \u2022 Artoth\u00e8que de la Ville de Strasbourg, acquisition diptyque Hanbock n\u00b0 1 de la s\u00e9rie \u00catre parmi<br \/>\n<strong>2018<\/strong> \u2022 FRAC Fonds R\u00e9gional d\u2019Art Contemporain Alsace, acquisition s\u00e9rie Les envol\u00e9es<br \/>\n<strong>2015<\/strong> \u2022 MAMCS Mus\u00e9e d\u2019Art Moderne et Contemporain de la Ville de Strasbourg, acquisition<br \/>\nCheonjiyeon<br \/>\n<strong>2010<\/strong> \u2022 Cabinet des estampes de la biblioth\u00e8que de Colmar, acquisition Les montagnes r\u00eav\u00e9es<br \/>\n<strong>2009<\/strong> \u2022 Artoth\u00e8que de la ville de Strasbourg, acquisition s\u00e9rie Les montagnes r\u00eav\u00e9es<br \/>\n<strong>2007<\/strong> \u2022 La Ville de Colmar acquisition photographie, acquisition photographie Champ du feu<br \/>\n<strong>2000<\/strong> \u2022 Mus\u00e9e de l\u2019\u0153uvre Notre-Dame Strasbourg, acquisition photographies sur la cath\u00e9drale de<br \/>\nStrasbourg<\/p>\n<h3>ATELIERS<\/h3>\n<p><strong>2015<\/strong> \u2022 Cours de dessin en remplacement de Dominique Kippelen \u00e0 l\u2019universit\u00e9 populaire de<br \/>\nStrasbourg<br \/>\n<strong>2018<\/strong> \u2022 Atelier pour les adultes avec Nathalie Savey au FRAC Alsace<br \/>\n<strong>2022<\/strong> \u2022 Atelier d\u2019une journ\u00e9e au public adulte Voir, photographier au Mus\u00e9e W\u00fbrth<br \/>\n<strong>2023<\/strong> \u2022 Atelier d\u2019une journ\u00e9e au public adulte, 1 2 3 5 6 7 photographies construire une s\u00e9rie<br \/>\net atelier Du selfie \u00e0 l\u2019autoportrait comment se photographier<br \/>\n<strong>Depuis 2009<\/strong> \u2022 cours collectifs ou individuels priv\u00e9s de photographie<\/p>\n<h3>PUBLICATIONS<\/h3>\n<p><strong>2018<\/strong> \u2022 Wandlungen Mutations Regards crois\u00e9s franco-allemand au Hartmannswillerkopf photographies<br \/>\nsur la montagne Hartmannswillerkopt pour le centenaire de la guerre de 14\/18.<br \/>\n<strong>2016<\/strong> \u2022 Cr\u00e9er ailleurs \u00e9dition l\u2019atelier des Cahiers, S\u00e9oul<br \/>\n<strong>2015<\/strong> \u2022 Nathalie Savey monographie de mes photographies accompagn\u00e9es des po\u00e8mes<br \/>\nde Philippe Jaccottet \u00e9ditions l\u2019Atelier Contemporain, soutien Ville de Strasbourg,<br \/>\nCEAAC et la R\u00e9gion Alsace.<br \/>\n<strong>2012<\/strong> \u2022 Open studio 8 Artists in the at studio of national museum of contemporary art catalogue<br \/>\nd\u2019exposition, r\u00e9sidence S\u00e9oul \u00e9ditions Goyang art studio Mus\u00e9e National d\u2019art contemporain<br \/>\nde S\u00e9oul<br \/>\n\u2022 Les c\u0153urs autonomes &#8211; David Foenkinos, couverture le livre de poche, autoportrait<br \/>\nMo d\u2019amour<br \/>\n\u2022 Mani\u00e8res de penser Ronchamp \u00e9ditions de la Villette Fondation Le Corbusier<br \/>\n<strong>2011<\/strong> \u2022 Documents Terre catalogue d\u2019exposition, ville d\u2019Amiens<br \/>\n<strong>2009<\/strong> \u2022 Photographies contemporaines de la cath\u00e9drale de Strasbourg \u00e9dition Fondation de l\u2019\u0153uvre<br \/>\nNotre-Dame et la Ville de Strasbourg<br \/>\n<strong>2008<\/strong> \u2022 Un mur Un trou Un visage catalogue de la collection de Madeleine Millot-Durrenberger<br \/>\n<strong>2006<\/strong> \u2022 Horizons r\u00e9miniscences de Nathalie Savey catalogue exposition, soutien Ville de Strasbourg<br \/>\n<strong>2002<\/strong> \u2022 Les Alice de Nathalie Savey, catalogue Institut culturel Stuttgart<\/p>\n<h3>PHOTOGRAPHE PROFESSIONNEL DEPUIS 1999<\/h3>\n<p>Pour des commandes priv\u00e9es : Cin\u00e9mas Star et Saint-Exup\u00e9ry : portraits de r\u00e9alisateurs<br \/>\net acteur, pour le Conseil de l\u2019Europe : Reportages presse, pour Arte et l\u2019OPS,<br \/>\nOrchestre Philharmonique de Strasbourg portraits de musiciens et solistes en r\u00e9p\u00e9titions,<br \/>\npour le magazine Zut : portraits rubrique Strasbourg vu par, pour les \u00c9glises protestantes<br \/>\nd\u2019Alsace et de Lorraine : portraits, pour des immobiliers : suivi du chantier de restauration<br \/>\nde la Cour du Corbeau \u00e0 Strasbourg et pour des commandes publiques :<br \/>\nla cath\u00e9drale de Strasbourg<br \/>\nFORMATION<br \/>\n<strong>1983<\/strong> \u2022 Baccalaur\u00e9at G2 comptabilit\u00e9<br \/>\n<strong>1985<\/strong> \u2022 DEUG de droit<br \/>\n<strong>1987<\/strong> \u2022 DNAP l\u2019\u00c9cole Nationale sup\u00e9rieure des Beaux-Arts de Lyon<br \/>\n<strong>1988<\/strong> \u2022 l\u2019\u00c9cole Municipale des Beaux-Arts de Macon, section Arts<br \/>\n<strong>1989<\/strong> \u2022 CAP de projectionniste<br \/>\n<strong>1992\/1998<\/strong> \u2022 Projectionniste \u00e0 mi-temps au cin\u00e9ma d\u2019art et d\u2019essai le Star \u00e0 Strasbourg<br \/>\net en Savoie \u00e0 Valloire.<br \/>\n<strong>Depuis 1998<\/strong> \u2022 auteur photographe affili\u00e9 \u00e0 l\u2019Urssaf Limousin<\/p>\n","protected":false},"excerpt":{"rendered":"<p>2025 \u2022 Voir \/ Peindre \/ Photographier exposition avec Pascal H. Poirot peintre, au coll\u00e8ge \u00e0 Dambach-La-Ville dans le cadre d\u2019ateliers avec le Pass Culturel Pro \u2022 L\u2019\u00e9v\u00e9nement photographique H2O entre Charybde et Scyilla exposition collective, l\u2019octroi \u00e0 Nancy. \u2022 Autopsie d\u2019un souffle exposition avec Young June Kin, galerie In Extremis \u00e0 Strasbourg S\u00c9LECTION D\u2019EXPOSITIONS [&hellip;]<\/p>\n","protected":false},"author":403,"featured_media":0,"parent":0,"menu_order":0,"comment_status":"closed","ping_status":"closed","template":"page-full-width.php","meta":{"footnotes":""},"class_list":["post-32","page","type-page","status-publish","hentry"],"_links":{"self":[{"href":"https:\/\/azqs.com\/nathaliesavey\/wp-json\/wp\/v2\/pages\/32"}],"collection":[{"href":"https:\/\/azqs.com\/nathaliesavey\/wp-json\/wp\/v2\/pages"}],"about":[{"href":"https:\/\/azqs.com\/nathaliesavey\/wp-json\/wp\/v2\/types\/page"}],"author":[{"embeddable":true,"href":"https:\/\/azqs.com\/nathaliesavey\/wp-json\/wp\/v2\/users\/403"}],"replies":[{"embeddable":true,"href":"https:\/\/azqs.com\/nathaliesavey\/wp-json\/wp\/v2\/comments?post=32"}],"version-history":[{"count":4,"href":"https:\/\/azqs.com\/nathaliesavey\/wp-json\/wp\/v2\/pages\/32\/revisions"}],"predecessor-version":[{"id":60,"href":"https:\/\/azqs.com\/nathaliesavey\/wp-json\/wp\/v2\/pages\/32\/revisions\/60"}],"wp:attachment":[{"href":"https:\/\/azqs.com\/nathaliesavey\/wp-json\/wp\/v2\/media?parent=32"}],"curies":[{"name":"wp","href":"https:\/\/api.w.org\/{rel}","templated":true}]}}