{"id":520,"date":"2022-03-31T16:36:51","date_gmt":"2022-03-31T14:36:51","guid":{"rendered":"http:\/\/azqs.com\/lachevre\/?page_id=520"},"modified":"2026-04-20T16:12:24","modified_gmt":"2026-04-20T14:12:24","slug":"programme","status":"publish","type":"page","link":"https:\/\/azqs.com\/lachevre\/programme\/","title":{"rendered":"Programme"},"content":{"rendered":"<p style=\"text-align: center\"><strong>Accessibilit\u00e9 :<\/strong><\/p>\n<p style=\"text-align: center\"><strong>\u2013 PMR : tous les stands et les pr\u00e9sentations sont accessibles aux Personnes \u00e0 Mobilit\u00e9 R\u00e9duite.<\/strong><\/p>\n<p style=\"text-align: center\"><strong>\u2013 Malentendants : espace stands assez bruyant, pr\u00e9sentations sonoris\u00e9es sans traduction LSF.<\/strong><\/p>\n<p style=\"text-align: center\"><strong>\u2013 Espace de repos accessible \u00e0 toutes et \u00e0 tous, permettant un moment de calme au besoin.<\/strong><\/p>\n<p>&nbsp;<\/p>\n<p><span style=\"font-size: 18pt\"><strong>Vendredi 24 avril 2026<\/strong><\/span><\/p>\n<p><strong>-19h :<\/strong> Ap\u00e9ro d&rsquo;ouverture du salon<\/p>\n<p><strong>-20h :<\/strong> <a href=\"https:\/\/azqs.com\/lachevre\/presentations-discussions\/\">pr\u00e9sentation<\/a> du livre <strong>AfroTrans<\/strong>, par Mich\u00ebla Danje, membre du collectif d\u2019auteurices.<\/p>\n<p><strong><span style=\"font-size: 18pt\">Samedi 25 avril 2026 :<\/span><\/strong><\/p>\n<p><strong>-13h30 :<\/strong> ouverture du salon, <a href=\"https:\/\/azqs.com\/lachevre\/stands-dediteurs\/\" target=\"_blank\" rel=\"noopener\">stands d&rsquo;exposantEs, \u00e9ditions et labels ind\u00e9pendants<\/a><\/p>\n<p><strong>-14h : <\/strong><a href=\"https:\/\/azqs.com\/lachevre\/presentations-discussions\/\">pr\u00e9sentation<\/a> du livre <strong>\u00ab\u00a0<em>A l&rsquo;assaut du ciel rouge<\/em>\u00ab\u00a0<\/strong>, en compagnie des auteurs S\u00e9bastien Bonetti et Th\u00e9o Georget.<\/p>\n<p><strong>-14h :<\/strong> atelier affichage sauvage<\/p>\n<p><strong>-15h :<\/strong> \u00e9coute collective : podcast des \u00e9ditions <a href=\"https:\/\/www.cases-rebelles.org\/\">Cases- Rebelles <\/a>en pr\u00e9sence de membres du collectif<\/p>\n<p><strong>-16h30 :<\/strong> <a href=\"https:\/\/azqs.com\/lachevre\/presentations-discussions\/\">pr\u00e9sentation<\/a> du livre <strong>\u00ab\u00a0<em>Depuis qu&rsquo;ils nous ont fait \u00e7a<\/em><\/strong><span data-olk-copy-source=\"MessageBody\"><strong>\u00ab\u00a0<\/strong>, en compagnie de l&rsquo;autrice Aur\u00e9lie Garand<\/span><\/p>\n<p><strong>-17h<\/strong> : \u00e9coute collective <strong><em>Radio Lorraine Coeur d&rsquo;Acier<\/em><\/strong> par la compagnie OtandemO (en pr\u00e9sence de membre)<\/p>\n<p><strong>-19h :<\/strong> repas (vegan\/v\u00e9g\u00e9) prix libre<\/p>\n<p><strong>-20h30 :<\/strong> soir\u00e9e <a href=\"https:\/\/azqs.com\/lachevre\/concerts-2\/\">concerts<\/a><\/p>\n<p><strong><span style=\"font-size: 18pt\">Dimanche 26 avril 2026 :<\/span><\/strong><\/p>\n<p><strong>-13h30 :<\/strong> ouverture du salon, <a href=\"https:\/\/azqs.com\/lachevre\/stands-dediteurs\/\" target=\"_blank\" rel=\"noopener\">stands d&rsquo;exposantEs, \u00e9ditions et labels ind\u00e9pendants<\/a><\/p>\n<p><strong>-14h :<\/strong> <a href=\"https:\/\/azqs.com\/lachevre\/presentations-discussions\/\">pr\u00e9sentation<\/a> du livre <strong>\u00ab\u00a0<em>Quand je n&rsquo;\u00e9cris pas<\/em>\u00ab\u00a0<\/strong>, en compagnie de l&rsquo;autrice Vinciane Mandrin.<\/p>\n<p><strong>-14h :<\/strong> atelier affichage sauvage<\/p>\n<p><strong>-15h<\/strong> : \u00e9coute collective <a href=\"https:\/\/lafabriquedeloubli.noblogs.org\/\"><em>Nucl\u00e9aire, la fabrique de l&rsquo;oubli<\/em><\/a> \u00e9pisode 3 Tchernobyl<\/p>\n<p><strong>-16h30 :<\/strong> <a href=\"https:\/\/azqs.com\/lachevre\/presentations-discussions\/\">pr\u00e9sentation<\/a> du livre <strong>\u00ab\u00a0<em>Nous ne serons plus patients<\/em>\u00ab\u00a0<\/strong><\/p>\n<p><strong>-17h :<\/strong> \u00e9coute collective \u00e9mission radio <a href=\"https:\/\/lenvolee.net\/category\/radio\/\">l&rsquo;envol\u00e9e\u00a0<\/a><\/p>\n<p><strong>-18h :<\/strong> ap\u00e9ro de cl\u00f4ture.<\/p>\n","protected":false},"excerpt":{"rendered":"<p>Accessibilit\u00e9 : \u2013 PMR : tous les stands et les pr\u00e9sentations sont accessibles aux Personnes \u00e0 Mobilit\u00e9 R\u00e9duite. \u2013 Malentendants : espace stands assez bruyant, pr\u00e9sentations sonoris\u00e9es sans traduction LSF. \u2013 Espace de repos accessible \u00e0 toutes et \u00e0 tous, &hellip;<\/p>\n<p class=\"read-more\"> <a class=\"more-link\" href=\"https:\/\/azqs.com\/lachevre\/programme\/\"> <span class=\"screen-reader-text\">Programme<\/span> Read More &raquo;<\/a><\/p>\n","protected":false},"author":331,"featured_media":0,"parent":0,"menu_order":0,"comment_status":"closed","ping_status":"closed","template":"","meta":{"footnotes":""},"class_list":["post-520","page","type-page","status-publish","hentry"],"_links":{"self":[{"href":"https:\/\/azqs.com\/lachevre\/wp-json\/wp\/v2\/pages\/520"}],"collection":[{"href":"https:\/\/azqs.com\/lachevre\/wp-json\/wp\/v2\/pages"}],"about":[{"href":"https:\/\/azqs.com\/lachevre\/wp-json\/wp\/v2\/types\/page"}],"author":[{"embeddable":true,"href":"https:\/\/azqs.com\/lachevre\/wp-json\/wp\/v2\/users\/331"}],"replies":[{"embeddable":true,"href":"https:\/\/azqs.com\/lachevre\/wp-json\/wp\/v2\/comments?post=520"}],"version-history":[{"count":4,"href":"https:\/\/azqs.com\/lachevre\/wp-json\/wp\/v2\/pages\/520\/revisions"}],"predecessor-version":[{"id":1214,"href":"https:\/\/azqs.com\/lachevre\/wp-json\/wp\/v2\/pages\/520\/revisions\/1214"}],"wp:attachment":[{"href":"https:\/\/azqs.com\/lachevre\/wp-json\/wp\/v2\/media?parent=520"}],"curies":[{"name":"wp","href":"https:\/\/api.w.org\/{rel}","templated":true}]}}