{"id":234,"date":"2025-06-18T11:08:10","date_gmt":"2025-06-18T09:08:10","guid":{"rendered":"https:\/\/azqs.com\/insertionexploitation\/?page_id=234"},"modified":"2026-01-27T09:03:09","modified_gmt":"2026-01-27T08:03:09","slug":"un-peu-dhistoire","status":"publish","type":"page","link":"https:\/\/azqs.com\/insertionexploitation\/un-peu-dhistoire\/","title":{"rendered":"Un peu d&rsquo;histoire&#8230;"},"content":{"rendered":"<div class=\"page\" title=\"Page 1\">\n<div class=\"layoutArea\">\n<div class=\"column\">\n<p align=\"JUSTIFY\"><span style=\"font-family: book antiqua, palatino, serif;font-size: 12pt\">Le mouvement de l\u2019insertion par le travail commence au tout d\u00e9but des ann\u00e9es 70.<\/span><\/p>\n<p align=\"JUSTIFY\"><span style=\"font-family: book antiqua, palatino, serif;font-size: 12pt\">1) dans les Centres d&rsquo;H\u00e9bergement et de R\u00e9adaptation Sociale (CHRS), suite \u00e0 des initiatives personnelles de salari\u00e9s encadrants.<\/span><\/p>\n<p align=\"JUSTIFY\"><span style=\"font-family: book antiqua, palatino, serif;font-size: 12pt\">Deux objectifs distincts se c\u00f4toient dans leur esprit :<\/span><\/p>\n<p align=\"JUSTIFY\"><span style=\"font-family: book antiqua, palatino, serif;font-size: 12pt\">&#8211; d&rsquo;une part il y a un aspect occupation du temps libre, comme en t\u00e9moigne un des protagonistes, interrog\u00e9 par Philippe Br\u00e9geon : \u00ab <strong><i>Avec tous ces gars sans travail, on en avait marre de voir les gens tourner en rond dans le foyer et on finissait par tourner nous-m\u00eames en rond avec eux&#8230; Le probl\u00e8me que l&rsquo;on se posait, c&rsquo;est que si l&rsquo;on \u00e9tait l\u00e0 uniquement \u00e0 garder des gens, on ne voyait pas l&rsquo;utilit\u00e9 de notre travail&#8230;<\/i><\/strong> \u00bb (Charles, in <a href=\"https:\/\/www.google.com\/url?sa=t&amp;source=web&amp;rct=j&amp;opi=89978449&amp;url=https:\/\/hal.science\/hal-00390394\/file\/HISOIRE_DU_RESEAU_DE_L_INSERTION_PAR_L_ACTIVITE_ECONOMIQUE_.pdf&amp;ved=2ahUKEwj2yJSm6NOQAxUKTKQEHaH7F4kQFnoECBoQAQ&amp;usg=AOvVaw0a32afBTtgtbmc0zPr8fMk\" target=\"_blank\" rel=\"noopener\">Philippe Br\u00e9geon<\/a>). Le travail est alors un simple antidote \u00e0 l&rsquo;oisivet\u00e9.<\/span><\/p>\n<p align=\"JUSTIFY\"><span style=\"font-family: book antiqua, palatino, serif;font-size: 12pt\">&#8211; d&rsquo;autre part, il y a l&rsquo;aspect contrepartie, ce qui revient \u00e0 consid\u00e9rer que les b\u00e9n\u00e9ficiaires \u00e9changent leur travail contre un salaire en nature : l&rsquo;h\u00e9bergement. Mais certains salari\u00e9s en CHRS en \u00e9prouvent une certaine mauvaise conscience, comme le m\u00eame Charles : \u00ab <i><strong>Nous avons r\u00e9fl\u00e9chi assez longtemps au sein de l&rsquo;\u00e9quipe \u00e9ducative pour savoir s&rsquo;il fallait r\u00e9tribuer le travail. Certains d&rsquo;entre nous \u00e9tions d&rsquo;anciens syndicalistes. (&#8230;) Nous avons d\u00e9cid\u00e9 d&rsquo;essayer de d\u00e9gager des recettes de la production pour r\u00e9tribuer par un p\u00e9cule la participation aux ateliers<\/strong> \u00bb<\/i>.<\/span><\/p>\n<p align=\"JUSTIFY\"><span style=\"font-family: book antiqua, palatino, serif;font-size: 12pt\">2) Au milieu des ann\u00e9es 70, des travailleurs sociaux d\u00e9noncent le travail social comme contr\u00f4le des populations d\u00e9sh\u00e9rit\u00e9es, et critiquent le concept condescendant de \u00a0\u00bb handicap social \u00ab\u00a0, qui justifie la volont\u00e9 d\u2019insertion. Ils inventent alors des entreprises alternatives d\u2019insertion, en s\u2019inspirant de l\u2019autogestion et en faisant participer les personnes en insertion \u00e0 l\u2019organisation de la structure, tout en refusant la domination de l\u2019\u00e9conomie de march\u00e9 et la soumission \u00e0 une \u00e9conomie lib\u00e9rale. Il y a alors tr\u00e8s clairement une d\u00e9marche militante, une lutte commune incluant encadrants et b\u00e9n\u00e9ficiaires.<\/span><\/p>\n<p align=\"JUSTIFY\"><span style=\"font-family: book antiqua, palatino, serif;font-size: 12pt\">C&rsquo;est \u00e9galement au plus fort d&rsquo;une <a href=\"https:\/\/labrique.net\/index.php\/thematiques\/histoires-du-bocal\/112-alma-gare-actualite-brulante-d-une-lutte-passee\" target=\"_blank\" rel=\"noopener\">lutte de quartier \u00e0 Roubaix<\/a> que naissent les R\u00e9gies de Quartier, lesquelles se donnent une fonction d&rsquo;insertion par le travail de personnes en difficult\u00e9 du quartier. Leurs ressources marchandes proviennent essentiellement des prestations de service que leur conc\u00e8dent les organismes d&rsquo;habitat social et les municipalit\u00e9s. Les aides publiques repr\u00e9sentent 20 % de leurs ressources.<\/span><\/p>\n<p align=\"JUSTIFY\"><span style=\"font-family: book antiqua, palatino, serif;font-size: 12pt\">Ces exp\u00e9rimentations sont alors compl\u00e8tement spontan\u00e9es, et il faut bien le dire : ill\u00e9gales, au regard du droit du travail. C&rsquo;est une forme de pression sur les pouvoirs publics, qui ne tardent pas \u00e0 l\u00e9galiser ces exp\u00e9riences. Il faut dire qu&rsquo;ils reconnaissent alors la contribution des associations aux t\u00e2ches d&rsquo;int\u00e9r\u00eat g\u00e9n\u00e9ral.<\/span><\/p>\n<p align=\"JUSTIFY\"><span style=\"font-family: book antiqua, palatino, serif;font-size: 12pt\">Une lettre-circulaire du Premier ministre Jacques Chirac du 27 janvier 1975 relative aux rapports entre les collectivit\u00e9s publiques et les associations constate : \u00ab <strong><i>l&rsquo;Etat et les collectivit\u00e9s publiques n&rsquo;ont pas le monopole du bien public. Dans bien des cas c&rsquo;est d&rsquo;abord l&rsquo;initiative priv\u00e9e qui a permis de r\u00e9pondre \u00e0 des besoins. D&rsquo;autre part, l&rsquo;Etat et les collectivit\u00e9s locales, de m\u00eame que les \u00e9tablissements publics qui en rel\u00e8vent, ont \u00e9t\u00e9 amen\u00e9s \u00e0 confier des t\u00e2ches d&rsquo;int\u00e9r\u00eat g\u00e9n\u00e9ral \u00e0 des associations r\u00e9gies par la loi du 1er juillet 1901<\/i><\/strong> \u00bb.<\/span><\/p>\n<p align=\"JUSTIFY\"><span style=\"font-family: book antiqua, palatino, serif;font-size: 12pt\">La Circulaire n\u00b044 du 10 septembre 1979 \u00e9tablit un r\u00e9gime d\u00e9rogatoire au droit du travail, ce qui permet l&rsquo;institutionnalisant des Centres d&rsquo;Adaptation \u00e0 la Vie Active (CAVA), qui sont les pr\u00e9curseurs des Structures d&rsquo;Insertion par l&rsquo;Activit\u00e9 Economique (SIAE) encore en place aujourd&rsquo;hui. Cette circulaire donne un fondement juridique \u00e0 deux fili\u00e8res : l\u2019une d\u2019insertion durable dans un cadre prot\u00e9g\u00e9 (qui a donn\u00e9 les Entreprises Adapt\u00e9es et les Centres d\u2019Aide par le Travail, r\u00e9serv\u00e9s aux personnes handicap\u00e9es physiques ou mentales), l\u2019autre de transition (le sas) vers le march\u00e9 du travail, qui a donn\u00e9 le secteur de l\u2019IAE, destin\u00e9 aux personnes en difficult\u00e9 sur le march\u00e9 du travail.<\/span><\/p>\n<p align=\"JUSTIFY\"><span style=\"font-family: book antiqua, palatino, serif;font-size: 12pt\">Cette Circulaire pr\u00e9voit que les individus au travail ne sont ni des salari\u00e9s ni des stagiaires de la formation professionnelle mais simplement des ressortissants de l&rsquo;aide sociale. Elle stipule qu\u2019ils ne peuvent refuser la mise au travail. Les r\u00e9tributions n&rsquo;ont pas la nature juridique d&rsquo;un salaire, il s&rsquo;agit simplement de versements qui ne sont en rien contraints par le niveau du SMIC.<\/span><\/p>\n<\/div>\n<p align=\"JUSTIFY\"><span style=\"font-family: book antiqua, palatino, serif;font-size: 12pt\">On voit d\u00e9j\u00e0 de mani\u00e8re tr\u00e8s claire que les initiatives militantes \u00ab\u00a0par en bas\u00a0\u00bb et leur officialisation \u00ab\u00a0par en haut\u00a0\u00bb sont radicalement divergentes quant \u00e0 leurs motivations profondes.<\/span><\/p>\n<div class=\"column\">\n<p align=\"JUSTIFY\"><span style=\"font-family: book antiqua, palatino, serif;font-size: 12pt\">Cette circulaire, si elle autorise les exp\u00e9riences pionni\u00e8res et \u00e0 vocation \u00e9mancipatrice au quotidien pour les premi\u00e8res, refl\u00e8te \u00e9galement une tendance de fond \u00e0 l&rsquo;oeuvre dans la soci\u00e9t\u00e9 : on critique de plus en plus l\u2019\u00c9tat social, accus\u00e9 d&rsquo;entretenir par l&rsquo;assistance la passivit\u00e9 des citoyens. L\u2019insertion est promue comme l\u2019envers de l\u2019assistance, sa n\u00e9gation, inscrite dans une id\u00e9ologie qui va faire des petits jusqu&rsquo;\u00e0 nos jours.<\/span><\/p>\n<p align=\"JUSTIFY\">\n<\/div>\n<p align=\"JUSTIFY\"><span style=\"font-family: book antiqua, palatino, serif;font-size: 12pt\">Au cours des ann\u00e9es 1980, ces Entreprises Sociales d&rsquo;Insertion (ESI) deviennent des laboratoires pour un nouvel \u00c9tat Social en gestation.<\/span><\/p>\n<p align=\"JUSTIFY\"><span style=\"font-family: book antiqua, palatino, serif;font-size: 12pt\">Le 15 septembre 1981, imm\u00e9diatement apr\u00e8s la victoire \u00e9lectorale de la gauche, le premier Ministre Pierre Mauroy re\u00e7oit le <a href=\"https:\/\/www.vie-publique.fr\/rapport\/36870-insertion-professionnelle-et-sociale-des-jeunes\" target=\"_blank\" rel=\"noopener\">Rapport Schwartz<\/a> sur l&rsquo;insertion sociale et professionnelle des jeunes. Cette \u00e9tude jette les bases de la th\u00e9orisation du \u00ab tiers secteur d&rsquo;utilit\u00e9 sociale \u00bb \u00e0 financement mixte (march\u00e9 + subventions ou exon\u00e9rations de charges), ce qui ouvrira la voie aux missions locales pour l&#8217;emploi et aux\u00a0 Entreprises interm\u00e9diaires (1984). L\u2019\u00c9tat entre dans un rapport contractuel avec les acteurs dont il encourageait l&rsquo;\u00e9conomie.<\/span><\/p>\n<\/div>\n<\/div>\n<div class=\"page\" title=\"Page 1\">\n<div class=\"layoutArea\">\n<div class=\"column\">\n<p align=\"JUSTIFY\"><span style=\"font-family: book antiqua, palatino, serif;font-size: 12pt\">Les entreprises interm\u00e9diaires critiquent elles aussi le caract\u00e8re assistantiel ou occupationnel des exp\u00e9riences ant\u00e9rieures dans le travail social. Anim\u00e9es par de nouveaux acteurs (syndicalistes, formateurs, travailleurs sociaux h\u00e9t\u00e9rodoxes) elles insistent sur la valeur travail et l&rsquo;insertion dans l&rsquo;\u00e9cosyst\u00e8me entrepreneurial.<\/span><\/p>\n<p align=\"JUSTIFY\"><span style=\"font-family: book antiqua, palatino, serif;font-size: 12pt\">Une circulaire du 24 avril 1985, puis un d\u00e9cret du 7 juin 1985, vont plus loin en organisant un programme exp\u00e9rimental de soutien, avec un bar\u00e8me des aides publiques et l&rsquo;imposition d&rsquo;un minimum d&rsquo;autofinancement, afin de simplifier et de clarifier les proc\u00e9dures de soutien aux Entreprises Interm\u00e9diaires : elles doivent cr\u00e9er des biens et des services aux conditions du march\u00e9 du travail, \u00e0 partir d\u2019emplois salari\u00e9s r\u00e9serv\u00e9s aux jeunes de 18 \u00e0 25 ans exclus du march\u00e9 du travail. Elles assurent \u00e0 la fois un parcours \u00ab interm\u00e9diaire \u00bb \u00e0 un public en difficult\u00e9 d\u2019une part et elles sont \u00ab interm\u00e9diaires \u00bb entre l\u2019\u00e9conomique et le social d\u2019autre part.<\/span><\/p>\n<p align=\"JUSTIFY\"><span style=\"font-family: book antiqua, palatino, serif;font-size: 12pt\">Entre temps en octobre 1983, la premi\u00e8re Association Interm\u00e9diaire (AI) voit le jour \u00e0 Redon : en toute ill\u00e9galit\u00e9 au regard du pr\u00eat de main-d\u2019oeuvre, elle met des demandeurs d\u2019emploi \u00e0 disposition de particuliers, d\u2019associations ou d\u2019entreprises ; elle jouait ainsi un r\u00f4le d\u2019interm\u00e9diation donnant lieu \u00e0 un salariat occasionnel.<\/span><\/p>\n<p align=\"JUSTIFY\"><span style=\"font-family: book antiqua, palatino, serif;font-size: 12pt\">Des associations se rassemblent au sein de la COORdination des Associations d\u2019Aide aux Ch\u00f4meurs par l\u2019Emploi (COORACE).<\/span><\/p>\n<p align=\"JUSTIFY\"><span style=\"font-family: book antiqua, palatino, serif;font-size: 12pt\">En 1986, Philippe Outrequin, Anne Potier et Patrice Sauvage publient <a href=\"https:\/\/gallica.bnf.fr\/ark:\/12148\/bpt6k3399643d\/f1.item\" target=\"_blank\" rel=\"noopener\">Les entreprises alternatives<\/a>, ouvrage dans lequel ils prennent fait et cause pour ces nouvelles exp\u00e9riences, en versant au dossier de la d\u00e9fense une justification \u00e9conomique. Par exemple il analyse une Entreprise Interm\u00e9diaire, Eur\u00eaka, dont l&rsquo;activit\u00e9 porte sur la collecte s\u00e9lective du verre et du PVC, en employant six jeunes et deux permanents.<\/span><\/p>\n<p align=\"JUSTIFY\"><span style=\"font-family: book antiqua, palatino, serif;font-size: 12pt\">Pour tirer un bilan de cette initiative, ils optent pour un raisonnement comptable, bas\u00e9 sur une m\u00e9thode de calcul \u00ab\u00a0co\u00fbts-avantages\u00a0\u00bb, un bilan comparatif diff\u00e9rentiel entre deux situations :<\/span><\/p>\n<p align=\"JUSTIFY\"><span style=\"font-family: book antiqua, palatino, serif;font-size: 12pt\">1)\u00a0la situation observ\u00e9e historiquement, caract\u00e9ris\u00e9e par la pr\u00e9sence de l&rsquo;entreprise \u00e9tudi\u00e9e dans l&rsquo;\u00e9conomie,<\/span><\/p>\n<p align=\"JUSTIFY\"><span style=\"font-family: book antiqua, palatino, serif;font-size: 12pt\">2) une estimation virtuelle de ce que serait l&rsquo;\u00e9conomie \u00e0 diff\u00e9rents \u00e9chelons en l&rsquo;absence de cette entreprise :<\/span><\/p>\n<p align=\"JUSTIFY\"><span style=\"font-family: book antiqua, palatino, serif;font-size: 12pt\">Certes, l&rsquo;entreprise a per\u00e7u 334 000 Francs de subventions mais elle a apport\u00e9 les avantages suivants : <\/span><\/p>\n<p align=\"JUSTIFY\"><span style=\"font-family: book antiqua, palatino, serif;font-size: 12pt\">&#8211; insertion de jeunes : 6 jeunes x10 625 Francs (valeur moyenne des stages d&rsquo;insertion) =64 000 Francs<\/span><\/p>\n<p align=\"JUSTIFY\"><span style=\"font-family: book antiqua, palatino, serif;font-size: 12pt\">&#8211; \u00e9conomie sur l&rsquo;\u00e9vacuation des ordures m\u00e9nag\u00e8res par les municipalit\u00e9s 30 000 Francs ; <\/span><\/p>\n<p align=\"JUSTIFY\"><span style=\"font-family: book antiqua, palatino, serif;font-size: 12pt\">&#8211; emprisonnement \u00e9vit\u00e9 pour certains jeunes (200 Francs\/jour) =30 000 Francs. <\/span><\/p>\n<p align=\"JUSTIFY\"><span style=\"font-family: book antiqua, palatino, serif;font-size: 12pt\">&#8211; \u00e9conomie d&rsquo;\u00e9nergie due \u00e0 la r\u00e9cup\u00e9ration des mat\u00e9riaux : 82 tonnes d&rsquo;\u00e9quivalent p\u00e9trole, soit (\u00e0 1 600 Francs Hors taxes\/tonne) =131 000 Francs. <\/span><\/p>\n<p align=\"JUSTIFY\"><span style=\"font-family: book antiqua, palatino, serif;font-size: 12pt\">&#8211; augmentation des recettes fiscales :\u00a0 cotisations sociales 112 000 Francs, UNEDIC (22 000 Francs), soit un total de 134 000 Francs. (Les \u00e9conomies r\u00e9alis\u00e9es sur les indemnit\u00e9s de ch\u00f4mage peuvent repr\u00e9senter une \u00e9conomie non n\u00e9gligeable, mais sur ce cas pr\u00e9cis, elles sont tr\u00e8s faibles dans la mesure o\u00f9 la plupart des jeunes d&rsquo;Eur\u00eaka, n&rsquo;ayant jamais travaill\u00e9, ne b\u00e9n\u00e9ficient pas de ces prestations). <\/span><\/p>\n<p align=\"JUSTIFY\"><span style=\"font-family: book antiqua, palatino, serif;font-size: 12pt\">Les auteurices concluent que<i> \u00a0\u00bb <strong>Chaque emploi cr\u00e9\u00e9 n&rsquo;aura co\u00fbt\u00e9 en 1982-1983 qu&rsquo;environ 2 000 Francs \u00e0 la collectivit\u00e9 et aura contribu\u00e9 \u00e0 un desserrement de la contrainte ext\u00e9rieure<\/strong> \u00ab\u00a0<\/i>.<\/span><\/p>\n<p align=\"JUSTIFY\"><span style=\"font-family: book antiqua, palatino, serif;font-size: 12pt\">Le vent tourne<\/span><\/p>\n<p align=\"JUSTIFY\"><span style=\"font-family: book antiqua, palatino, serif;font-size: 12pt\">Il semble qu&rsquo;une partie des protagonistes aient jug\u00e9 ces exp\u00e9riences encourageantes, mais le d\u00e9veloppement des initiatives ne fait pas l&rsquo;unanimit\u00e9, et commence \u00e0 faire face \u00e0 des critiques crois\u00e9es. <\/span><span style=\"font-family: book antiqua, palatino, serif;font-size: 12pt\">Les repr\u00e9sentants des entreprises et de l&rsquo;artisanat d\u00e9noncent le risque de concurrence d\u00e9loyale.<\/span><\/p>\n<p align=\"JUSTIFY\"><span style=\"font-family: book antiqua, palatino, serif;font-size: 12pt\">La critique porte \u00e9galement sur le syst\u00e8me social de ces pseudo entreprises qui serait difficilement identifiable et brouillerait le jeu au sein des activit\u00e9s et des professions.<\/span><\/p>\n<p align=\"JUSTIFY\"><span style=\"font-family: book antiqua, palatino, serif;font-size: 12pt\">Les critiques \u00e9manent \u00e9galement d&rsquo;organisations de gauche. On craint la constitution d&rsquo;un march\u00e9 de troisi\u00e8me zone, celui des emprunts pr\u00e9caires, aliment\u00e9 par un d\u00e9veloppement incontr\u00f4l\u00e9 de l&rsquo;IAE.<\/span><\/p>\n<p align=\"JUSTIFY\"><span style=\"font-family: book antiqua, palatino, serif;font-size: 12pt\">Sur ce, la nouvelle majorit\u00e9 arrive en 1986, c&rsquo;est la cohabitation.<\/span><\/p>\n<p align=\"JUSTIFY\"><span style=\"font-family: book antiqua, palatino, serif;font-size: 12pt\">Par une circulaire d&rsquo;ao\u00fbt 1986, Philippe S\u00e9guin, ministre des Affaires sociales et de l\u2019Emploi, supprime le soutien de l\u2019\u00c9tat aux Entreprises Interm\u00e9diaires : aucune nouvelle convention ne sera sign\u00e9e, et les conventions en cours avec quelques 150 entreprises de ce type ne seront pas renouvel\u00e9es.<\/span><\/p>\n<p align=\"JUSTIFY\"><span style=\"font-family: book antiqua, palatino, serif;font-size: 12pt\">En contrepartie, par la loi du 27 janvier 1987, Philippe S\u00e9guin officialise les Associations Interm\u00e9diaires : leur d\u00e9veloppement correspond au double objectif de la mise au travail de personnes sans emploi et de la mise au jour, notamment dans les services aux particuliers, de nouveaux gisements d\u2019emploi.<\/span><\/p>\n<\/div>\n<p align=\"JUSTIFY\"><span style=\"font-family: book antiqua, palatino, serif;font-size: 12pt\">Puis en 1988, ces projets seront remplac\u00e9s par les \u00ab Entreprises d&rsquo;Insertion \u00bb, encore en cours aujourd&rsquo;hui.<\/span><\/p>\n<\/div>\n<\/div>\n<div class=\"page\" title=\"Page 1\">\n<div class=\"layoutArea\">\n<div class=\"column\">\n<p align=\"JUSTIFY\"><span style=\"font-family: book antiqua, palatino, serif;font-size: 12pt\">La charte des EI est vot\u00e9e le 23 mars 1988 ; le 14 avril 1988 est cr\u00e9\u00e9 le Comit\u00e9 National des Entreprises d&rsquo;Insertion (CNEI). Avec la circulaire du 28 avril 1988, le gouvernement de Jacques Chirac \u00e9largit le public-cible : \u00ab <strong><i>les jeunes en difficult\u00e9, ainsi que les personnes en situation de ch\u00f4mage de tr\u00e8s longue dur\u00e9e, les personnes prises en charge au titre de l&rsquo;aide sociale, les b\u00e9n\u00e9ficiaires du revenu minimum d&rsquo;insertion ou de l&rsquo;\u00e9ducation surveill\u00e9e, ou celles qui ont achev\u00e9 une p\u00e9riode d&rsquo;incarc\u00e9ration ou de d\u00e9sintoxication<\/i><\/strong> \u00bb, puis un an plus tard \u00e0 toute personne en difficult\u00e9 ou au ch\u00f4mage de longue dur\u00e9e.<\/span><\/p>\n<p align=\"JUSTIFY\"><span style=\"font-family: book antiqua, palatino, serif;font-size: 12pt\">La loi n\u00b088-1088 du 1er D\u00e9cembre 1988 instaure le Revenu Minimum d\u2019Insertion (RMI) et pr\u00e9voit que l\u2019allocataire s\u2019engage \u00e0 participer aux actions n\u00e9cessaires \u00e0 son insertion sociale ou professionnelle : ces dispositions favorisent le d\u00e9veloppement des activit\u00e9s d\u2019insertion.<\/span><\/p>\n<p align=\"JUSTIFY\"><span style=\"font-family: book antiqua, palatino, serif;font-size: 12pt\">La premi\u00e8re moiti\u00e9 des ann\u00e9es 1990 est une p\u00e9riode de d\u00e9veloppement rapide : la mont\u00e9e en puissance du dispositif RMI, avec une augmentation continuelle du nombre de m\u00e9nages concern\u00e9s, va lui assurer des conditions propices. \u00a0Le nombre d&rsquo;EI va \u00eatre multipli\u00e9 par pr\u00e8s de quatre entre 1990 et 1996 pour atteindre environ 660 entreprises \u00e0 la fin de cette p\u00e9riode, malgr\u00e9 de nombreuses disparitions en cours de route.<\/span><\/p>\n<p align=\"JUSTIFY\"><span style=\"font-family: book antiqua, palatino, serif;font-size: 12pt\">La Loi du 3 janvier 1991 cr\u00e9e le Conseil National de l&rsquo;Insertion par l&rsquo;Activit\u00e9 Economique (CNIAE).<\/span><\/p>\n<p align=\"JUSTIFY\"><span style=\"font-family: book antiqua, palatino, serif;font-size: 12pt\">On officialise les statuts des EI, et promulguent des Entreprises de Travail Temporaire d&rsquo;Insertion (ETTI), sans aucun doute pour concurrencer les AI. Celles-ci ne plaisaient en effet gu\u00e8re au ministre de l\u2019Emploi, car elles n\u2019offraient que des emplois occasionnels d\u00e9rogatoires au droit commun, sans liaison \u00e9troite avec le march\u00e9 du travail.<\/span><\/p>\n<p align=\"JUSTIFY\"><span style=\"font-family: book antiqua, palatino, serif;font-size: 12pt\">Dans un contexte de durcissement des ph\u00e9nom\u00e8nes d\u2019exclusion dans les ann\u00e9es 1993-1996, nombre de structures disparaissent entre 1995 \u00e0 1997 ; les EI ne parviennent plus \u00e0 ins\u00e9rer les plus vuln\u00e9rables. C&rsquo;est alors l&rsquo;apparition et le d\u00e9veloppement des Ateliers et Chantiers d\u2019Insertion (ACI), port\u00e9s par des associations qui souhaitent d\u00e9velopper des actions moins formalis\u00e9es et plus ponctuelles d\u2019insertion par l\u2019\u00e9conomique.<\/span><\/p>\n<p align=\"JUSTIFY\"><span style=\"font-family: book antiqua, palatino, serif;font-size: 12pt\">La loi du 29 juillet 1998 relative \u00e0 la lutte contre les exclusions consacre un volet entier \u00e0 l&rsquo;IAE. Le l\u00e9gislateur entend dynamiser ces structures, et doubler en trois ans les capacit\u00e9s d&rsquo;accueil et de remise au travail des ch\u00f4meurs. Avec cette loi, les SIAE voient leur l\u00e9gitimit\u00e9 et leur encadrement renforc\u00e9s. Leur statut est alors inscrit dans le code du travail (celui des ACI ne le sera qu\u2019en 2005, avec la loi de coh\u00e9sion sociale). <\/span><\/p>\n<p align=\"JUSTIFY\"><span style=\"font-family: book antiqua, palatino, serif;font-size: 12pt\">Elle reconna\u00eet trois cat\u00e9gories dans le champ de l\u2019IAE : \u2022 celles qui rel\u00e8vent du secteur marchand et produisent des biens et des services en vue de leur commercialisation telles que les AI, les EI et les ETTI, \u2022 celles qui mettent en \u0153uvre une activit\u00e9 d\u2019utilit\u00e9 sociale comme les r\u00e9gies de quartier, les CAVA, les chantiers d\u2019insertion\u2026 \u2022 celles dont l\u2019activit\u00e9 est mixte comme certaines r\u00e9gies de quartier et ateliers d\u2019insertion.<\/span><\/p>\n<p align=\"JUSTIFY\"><span style=\"font-family: book antiqua, palatino, serif;font-size: 12pt\">L&rsquo;administration fiscale planche \u00e9galement sur le sujet, et produit un document de r\u00e9f\u00e9rence le 15 septembre 1998, afin de d\u00e9limiter les contours d&rsquo;un tiers secteur exempt\u00e9 d&rsquo;imp\u00f4ts et le secteur marchand, et les risques concurrentiels. Elle fixe une r\u00e8gle des 4P : 1\u00b0 le Produit : l&rsquo;activit\u00e9 tend-elle \u00e0 satisfaire des besoins d\u00e9j\u00e0 pris en compte par le march\u00e9 ; 2\u00b0 le Public concern\u00e9 : l&rsquo;activit\u00e9 est-elle r\u00e9alis\u00e9e au profit de cat\u00e9gories de personnes en difficult\u00e9 ; 3\u00b0 les Prix : les tarifs sont-ils nettement inf\u00e9rieurs \u00e0 ceux des organismes lucratifs ; 4\u00b0 la Publicit\u00e9 : l&rsquo;organisme a-t-il recours aux m\u00eames m\u00e9thodes que les entreprises pour se cr\u00e9er une client\u00e8le.<\/span><\/p>\n<p align=\"JUSTIFY\"><span style=\"font-family: book antiqua, palatino, serif;font-size: 12pt\">Mais ces cat\u00e9gories strictement d\u00e9finies sur le papier sont beaucoup plus floues dans la r\u00e9alit\u00e9, ce qui alimente une recrudescence de critiques. Le Minist\u00e8re de l&rsquo;Emploi conc\u00e8de qu&rsquo;il y a un danger que les SIAE, soucieuses de pr\u00e9server leur place sur le march\u00e9, recrutent des personnes qui pourraient \u00eatre embauch\u00e9es sur le march\u00e9 de l\u2019emploi de droit commun, et s&rsquo;attelle \u00e0 encadrer les conditions d&#8217;embauche pour \u00e9viter cette concurrence.<\/span><\/p>\n<p align=\"JUSTIFY\"><span style=\"font-family: book antiqua, palatino, serif;font-size: 12pt\">Le 7 juin 2000 para\u00eet le d\u00e9cret d&rsquo;application de la Loi de 1998, qui pr\u00e9cise que \u00ab <i><strong>la commercialisation des produits ne permet de couvrir qu&rsquo;une fraction tr\u00e8s minoritaire des charges li\u00e9es \u00e0 l&rsquo;activit\u00e9 [des personnes morales] concern\u00e9es<\/strong><\/i> \u00bb (Annexe 27), fraction fix\u00e9e \u00e0 30 %. Les SIAE qui parviendront \u00e0 d\u00e9gager plus que ce plafond gr\u00e2ce \u00e0 leurs ventes sur le march\u00e9 ne pourront plus \u00eatre consid\u00e9r\u00e9e comme \u00e9ligibles aux dispositifs d&rsquo;accompagnement, ce qui contraint de nombreuses EI \u00e0 opter pour la forme juridique de Soci\u00e9t\u00e9s Anonymes plut\u00f4t que d&rsquo;associations.<\/span><\/p>\n<p align=\"JUSTIFY\"><span style=\"font-family: book antiqua, palatino, serif;font-size: 12pt\">Il s&rsquo;agit d&rsquo;obtenir une polarisation plus claire : que les entreprises qui peuvent produire de la valeur \u00e0 destination du march\u00e9 le fasse sans aide de la collectivit\u00e9 ; que l&rsquo;IAE qui ne le peut pas affirme son utilit\u00e9 sociale de gestion de files d&rsquo;attente des ch\u00f4meurs les moins employables.<\/span><\/p>\n<p align=\"JUSTIFY\"><span style=\"font-family: book antiqua, palatino, serif;font-size: 12pt\">Les dispositions l\u00e9gislatives et r\u00e9glementaires sont compl\u00e9t\u00e9es principalement par les circulaires n\u00b099-17 du 26 mars 1999 relative \u00e0 la r\u00e9forme de l\u2019IAE, celle n\u00b099-25 du 2 juin 1999 relative au FDI, celle n\u00b099-40 du 21 d\u00e9cembre 1999 relative au d\u00e9veloppement des PLIE.<\/span><\/p>\n<p align=\"JUSTIFY\"><span style=\"font-family: book antiqua, palatino, serif;font-size: 12pt\">Pour 2004, la DARES recense plus de 2000 structures d&rsquo;insertion (AI, EI, ETTI) auxquels il faut ajouter 2 300 chantiers d&rsquo;insertion ; elle d\u00e9nombre 292 659 salari\u00e9s en insertion \u00e0 avoir travaill\u00e9 dans ce dispositif durant l&rsquo;ann\u00e9e 2004, mais \u00e9galement plus de 14 000 salari\u00e9s permanents en \u00e9quivalent temps plein en tant qu&rsquo;encadrants (DARES, 2006).<\/span><\/p>\n<p align=\"JUSTIFY\"><span style=\"font-family: book antiqua, palatino, serif;font-size: 12pt\">18 janvier 2005 : Loi de programmation pour la coh\u00e9sion sociale (2005-2009) qui r\u00e9affirme le r\u00f4le de l&rsquo;IAE comme acteur \u00e0 part enti\u00e8re dans la lutte contre l&rsquo;exclusion et le ch\u00f4mage. Elle alloue de nouveaux moyens aux SIAE, notamment aux ACI : augmentation de 35% du nombre de postes financ\u00e9s dans les EI, g\u00e9n\u00e9ralisation des dispositifs d\u2019accompagnement des AI, cr\u00e9ation d\u2019une aide \u00e0 l\u2019accompagnement socioprofessionnel dans les ACI, doublement de la dotation de l\u2019\u00c9tat au Fonds d\u00e9partemental d\u2019insertion.<\/span><\/p>\n<p align=\"JUSTIFY\"><span style=\"font-family: book antiqua, palatino, serif;font-size: 12pt\">2006 : L\u2019ann\u00e9e 2006 marque un tournant pour l\u2019IAE avec l\u2019application des mesures du Plan Borloo, la r\u00e9forme des Conseils D\u00e9partementaux de l\u2019Insertion par l\u2019Activit\u00e9 Economique (CDIAE), et la Loi Organique relative aux Lois de Finances (LOLF) : cette loi fixe le cadre juridique du budget de l\u2019\u00c9tat et vise \u00e0 apporter plus de transparence et plus d\u2019efficacit\u00e9 dans les politiques mises en \u0153uvre par l\u2019Etat, ce qui axe la gestion des finances publiques sur la performance : on passe d\u2019une logique de moyens \u00e0 une logique de r\u00e9sultats, parfois difficilement quantifiable d&rsquo;un strict point de vue comptable.<\/span><\/p>\n<p align=\"JUSTIFY\"><span style=\"font-family: book antiqua, palatino, serif;font-size: 12pt\">2006 est aussi l\u2019ann\u00e9e de la cr\u00e9ation du premier syndicat national d\u2019employeurs sp\u00e9cifiques d\u2019insertion (SYNESI) ouvert \u00e0 l\u2019ensemble des ateliers et chantiers d\u2019insertion. Il est cr\u00e9\u00e9 par les quatre principaux re\u0301seaux de l\u2019IAE, a\u0300 savoir Chantier Ecole, COORACE, le Re\u0301seau Cocagne et Tissons la Solidarite\u0301, et a pour but principal de mettre en place une convention collective nationale sp\u00e9cifique.<\/span><\/p>\n<p align=\"JUSTIFY\"><span style=\"font-family: book antiqua, palatino, serif;font-size: 12pt\">Les 23 et 24 Novembre 2007, ouverture \u00e0 Grenoble du Grenelle de l\u2019insertion. Il d\u00e9bouche apr\u00e8s un an de travaux sur la mise en place d\u2019un Contrat Unique d\u2019Insertion (CUI), et sur la loi n\u00b02008-1249 du 1er d\u00e9cembre 2008 qui renforce la politique d&rsquo;activation de l&#8217;emploi, avec la g\u00e9n\u00e9ralisation du Revenu de Solidarit\u00e9 Active (RSA). Logiquement, la circulaire de la DGEFP n\u00b02008-21 relative aux nouvelles modalit\u00e9s de conventionnements des SIAE met alors l&rsquo;accent sur l&rsquo;insertion par l&#8217;emploi et l&rsquo;\u00e9valuation de ces r\u00e9sultats.<\/span><\/p>\n<p align=\"JUSTIFY\"><span style=\"font-family: book antiqua, palatino, serif;font-size: 12pt\">Le CUI est mis en \u0153uvre au 1er Janvier 2010, rempla\u00e7ant et unifiant les diff\u00e9rents types de contrats aid\u00e9s en vigueur jusque l\u00e0. Il repose sur une convention annuelle d\u2019objectifs et de moyens, notamment sur la nature des actions pr\u00e9vues en mati\u00e8re d\u2019orientation, de formation et d\u2019accompagnement professionnel. La dur\u00e9e de cette convention est fix\u00e9e \u00e0 6 mois minimum et 24 mois au maximum. Toutefois, elle peut \u00eatre prolong\u00e9e dans certains cas. La dur\u00e9e du temps de travail est au minimum de 20 heures.<\/span><\/p>\n<p align=\"JUSTIFY\"><span style=\"font-family: book antiqua, palatino, serif;font-size: 12pt\">La concentration des EI et ETTI s&rsquo;est nettement accrue entre 2004 et 2011\u00a0: en 2004 les 25\u00a0% d&rsquo;entreprises les plus petites r\u00e9alisaient 6\u00a0% du chiffre d&rsquo;affaires total, elles n&rsquo;en r\u00e9alisent plus que que 4\u00a0% en 2011, tandis que les 25\u00a0% plus grandes en r\u00e9alisaient 54\u00a0% contre 66\u00a0% en 2011. La croissance de la taille \u00e9conomique s&rsquo;accompagne d&rsquo;un rel\u00e8vement continu de la part des ressources marchandes dans le total des produits d&rsquo;exploitation, passant de moins de 69\u00a0% des recettes pour le EI-ETTI de petite taille \u00e0 plus de 86\u00a0% pour les plus grandes. \u00ab\u00a0<strong><i>Si la croissance \u00e9conomique et productive des EI-ETTI ne remet pas en cause leur vocation d&rsquo;insertion, elle traduit cependant une volont\u00e9 d&rsquo;autonomisation par rapport aux soutiens publics<\/i><\/strong> \u00bb (<a href=\"https:\/\/books.openedition.org\/pur\/57967\" target=\"_blank\" rel=\"noopener\">Patrick Gianfaldoni<\/a> page 43). \u00ab <strong><i>Bien que la proportion des emplois d\u00e9di\u00e9s \u00e0 l&rsquo;insertion n&rsquo;est pas n\u00e9gativement affect\u00e9e par la concentration des ESIT, la fonction sociale\/soci\u00e9tale se trouve significativement alt\u00e9r\u00e9e par l&#8217;emprise des mod\u00e8les \u00e9conomiques standards et l&rsquo;adoption de normes manag\u00e9riales<\/i><\/strong> \u00bb (<a href=\"https:\/\/books.openedition.org\/pur\/57967\" target=\"_blank\" rel=\"noopener\">Patrick Gianfaldoni<\/a> page 47).<\/span><\/p>\n<div class=\"column\">\n<p>&nbsp;<\/p>\n<p><span style=\"font-family: book antiqua, palatino, serif;font-size: 12pt\">Le 31 mars 2011, le Syndicat National des Employeurs pour les Ateliers et Chantiers d\u2019Insertion (SYNESI) publie une Convention collective sp\u00e9cifique r\u00e9glementant les ACI, afin d&rsquo;y ame\u0301liorer la protection des salarie\u0301s, qu&rsquo;ils soient permanents ou en insertion. R\u00e9clam\u00e9e par pre\u0300s de 70% des ACI sonde\u0301es, cette Convention re\u0301pond a\u0300 leur besoin d\u2019une convention collective nationale adapte\u0301e et moins cou\u0302teuse que celles que les ACI pouvaient signer.<\/span><\/p>\n<p><span style=\"font-family: book antiqua, palatino, serif;font-size: 12pt\">On y trouve l&rsquo;exigence de l&rsquo;institution de d\u00e9l\u00e9gu\u00e9s du personnel \u00e0 partir de 11 salari\u00e9s, contrats aide\u0301s compris. Y sont \u00e9ligibles, \u00e0 l&rsquo;exception des proches du chef d&rsquo;entreprise, tous les \u00e9lecteurs majeurs, quelle que soit leur nationalite\u0301, et ayant travaille\u0301 dans l&rsquo;entreprise depuis 1 an au moins a\u0300 la date du premier tour des e\u0301lections. Une fois par mois au moins, l&#8217;employeur doit recevoir les de\u0301le\u0301gue\u0301s du personnel, qui peuvent se faire assister par un repre\u0301sentant syndical e\u0301ventuellement exte\u0301rieur a\u0300 l&rsquo;entreprise. Un cre\u0301dit d&rsquo;heures de 10 ou 15 heures par mois selon l&rsquo;effectif, consacre\u0301 aux activite\u0301s de de\u0301le\u0301gations, doit leur \u00eatre accord\u00e9. Les documents r\u00e9glementaires doivent \u00eatre mis \u00e0 disposition des salari\u00e9s, tels qu&rsquo;un exemplaire de la convention collective, le registre du personnel, le registre de se\u0301curite\u0301, le registre spe\u0301cial des demandes e\u0301manant des de\u0301le\u0301gue\u0301s du personnel et les re\u0301ponses motive\u0301es de l&#8217;employeur, ainsi qu&rsquo;un panneau d&rsquo;affichage fermant a\u0300 cle\u0301.<\/span><\/p>\n<p><span style=\"font-family: book antiqua, palatino, serif;font-size: 12pt\">On exige \u00e9galement des signataires de mettre en place une Instance de Sante\u0301 et Conditions de Travail (ISCT), pour l&rsquo;ensemble du personnel, sans distinction de statut. Cette instance se compose de l&#8217;employeur ou son repre\u0301sentant, de repre\u0301sentants des salarie\u0301s, de de\u0301le\u0301gue\u0301s du personnel, et de salarie\u0301s en parcours d&rsquo;insertion, qui doivent repr\u00e9senter au minimum 50% des repre\u0301sentants des salarie\u0301s pre\u0301sents.<\/span><\/p>\n<\/div>\n<div class=\"page\" title=\"Page 9\">\n<div class=\"layoutArea\">\n<div class=\"column\">\n<div class=\"page\" title=\"Page 9\">\n<div class=\"layoutArea\">\n<div class=\"column\">\n<div class=\"page\" title=\"Page 10\">\n<div class=\"layoutArea\">\n<div class=\"column\">\n<div class=\"page\" title=\"Page 10\">\n<div class=\"page\" title=\"Page 19\">\n<div class=\"page\" title=\"Page 25\">\n<div class=\"layoutArea\">\n<div class=\"column\">\n<p><span style=\"font-family: book antiqua, palatino, serif;font-size: 12pt\">La Convention d\u00e9finit \u00e9galement les fiches de postes et les salaires : le salaire des accompagnateurs socioprofessionnels (ASP) doit \u00eatre compris entre 1 809,75\u20ac (niveau A) et 2 190,75\u20ac (niveau C) ; celui des encadrants techniques, p\u00e9dagogiques et sociaux doit \u00e9galement \u00eatre compris entre 1 809,75\u20ac (niveau A) et 2 190,75\u20ac (niveau C).<\/span><\/p>\n<\/div>\n<\/div>\n<\/div>\n<div class=\"page\" title=\"Page 27\">\n<div class=\"layoutArea\">\n<p><span style=\"font-family: book antiqua, palatino, serif;font-size: 12pt\">Le salaire d&rsquo;un poste de direction doit \u00eatre compris entre 2 571,75\u20ac (niveau A) et 3 206,75\u20ac (niveau C).<\/span><\/p>\n<\/div>\n<\/div>\n<\/div>\n<\/div>\n<\/div>\n<\/div>\n<\/div>\n<\/div>\n<\/div>\n<\/div>\n<\/div>\n<\/div>\n<\/div>\n<p align=\"JUSTIFY\"><span style=\"font-family: book antiqua, palatino, serif;font-size: 12pt\">L&rsquo;insertion par l&rsquo;activit\u00e9 \u00e9conomique (IAE) est un secteur en plein d\u00e9veloppement. En 2012, selon l&rsquo;INSEE elle repr\u00e9sente 5 % de la valeur ajout\u00e9e brute cr\u00e9\u00e9e en France, et 10,2 % de l&#8217;emploi salari\u00e9 pour 8 % de la masse salariale. Le gouvernement, lui, \u00e9value le poids de l&rsquo;ESS \u00e0 10 % du PIB.<\/span><\/p>\n<\/div>\n<\/div>\n<div class=\"layoutArea\">\n<div class=\"column\">\n<p align=\"JUSTIFY\"><span style=\"font-family: book antiqua, palatino, serif;font-size: 12pt\">Ce mouvement de hausse a \u00e9t\u00e9 un peu perturb\u00e9 par la crise des subprimes de 2008, qui a entra\u00een\u00e9 la perte de 11 000 emplois entre 2010 et 2011, due \u00e0 la politique de r\u00e9duction des d\u00e9ficits publics et \u00e0 un recul des financements publics. Selon l&rsquo;\u00e9conomiste Herv\u00e9 Defalvard (in <a href=\"https:\/\/books.openedition.org\/pur\/58004\" target=\"_blank\" rel=\"noopener\">Entreprises solidaires<\/a> page 195), cette crise syst\u00e9mique devenue crise de la dette des \u00c9tats, met un coup de frein \u00e0 l&rsquo;ultra-lib\u00e9ralisme du march\u00e9 sans remettre en selle la solution keyn\u00e9sienne de l&rsquo;intervention de l\u2019\u00c9tat : ce contexte ouvre un espace pour une troisi\u00e8me voie, le \u00ab tiers secteur \u00bb. Cette tendance de fond est illustr\u00e9e par le vote de nombreuses lois sur l&rsquo;\u00e9conomie sociale aux quatre coins du globe : Cor\u00e9e du sud (2011 et 2013), Mexique (2011), \u00c9quateur, Br\u00e9sil, Bahia (2012), Qu\u00e9bec (2013), Belgique (2008, 2013), Espagne (2011), Portugal (2013) et France (loi-cadre de 2014).<\/span><\/p>\n<p align=\"JUSTIFY\"><span style=\"font-family: book antiqua, palatino, serif;font-size: 12pt\">En 2014, deux initiatives l\u00e9gislatives se compl\u00e8tent :<\/span><\/p>\n<\/div>\n<\/div>\n<\/div>\n<div class=\"page\" title=\"Page 1\">\n<div class=\"layoutArea\">\n<div class=\"column\">\n<p align=\"JUSTIFY\"><span style=\"font-family: book antiqua, palatino, serif;font-size: 12pt\">&#8211; la <a href=\"https:\/\/www.legifrance.gouv.fr\/loda\/id\/JORFTEXT000029313296\" target=\"_blank\" rel=\"noopener\">Loi du 31 juillet 2014 \u00e9largissant le p\u00e9rim\u00e8tre de l&rsquo;ESS.<\/a> Cette loi reconna\u00eet une nouvelle cat\u00e9gorie d&rsquo;entreprise, l&rsquo; \u00ab entreprise de l&rsquo;\u00e9conomie sociale et solidaire \u00bb, si elles parviennent \u00e0 se faire agr\u00e9er <a href=\"https:\/\/www.economie.gouv.fr\/entreprises\/economie-sociale-et-solidaire-quest-ce-que-lagrement-entreprise-solidaire-dutilite\" target=\"_blank\" rel=\"noopener\">\u00ab\u00a0Entreprises Solidaires d&rsquo;Utilit\u00e9 Sociale\u00a0\u00bb (ESUS<\/a>), ce qui leur ouvre l&rsquo;acc\u00e8s \u00e0 des financements et des plan d&rsquo;\u00e9pargne solidaires, \u00e0 des r\u00e9ductions d&rsquo;imp\u00f4ts pour les investisseurs, et \u00e0 un acc\u00e8s privil\u00e9gi\u00e9 \u00e0 la commande publique ou aux march\u00e9s publics r\u00e9serv\u00e9s. La r\u00e9mun\u00e9ration des salari\u00e9s et des dirigeants est plafonn\u00e9e : les cinq salaires les plus \u00e9lev\u00e9s ne doivent pas d\u00e9passer sept fois le SMIC ou le salaire minimum de branche, et le salaire le plus \u00e9lev\u00e9 n&rsquo;exc\u00e8de pas dix fois le SMIC ou le salaire minimum de branche. Cette loi autorise \u00e9galement les associations \u00e0 \u00e9mettre des sortes d&rsquo;obligations, nomm\u00e9es \u00ab titres associatifs \u00bb (mais elles ne peuvent \u00eatre d\u00e9tenues directement ou indirectement par les dirigeants de droit ou de fait).<\/span><\/p>\n<p align=\"JUSTIFY\"><span style=\"font-family: book antiqua, palatino, serif;font-size: 12pt\">&#8211; la <a href=\"https:\/\/www.google.com\/url?sa=t&amp;source=web&amp;rct=j&amp;opi=89978449&amp;url=https:\/\/travail-emploi.gouv.fr\/sites\/travail-emploi\/files\/files-spip\/pdf\/dgefp_instruction5fevrier2014-iae.pdf&amp;ved=2ahUKEwiCh-C-vIKOAxVENPsDHeyhD-EQFnoECCAQAw&amp;usg=AOvVaw3GLs4i-_8PvxYiO8xcBmjG\" target=\"_blank\" rel=\"noopener\">R\u00e9forme du financement de l\u2019IAE<\/a> g\u00e9n\u00e9ralise le recours au CDDI dans les ACI : c&rsquo;est la fin des contrats aid\u00e9s. Elle rationalise et unifie les modalit\u00e9s de financement pour les SIAE : les subventions aux postes seront d\u00e9sormais pour partie vers\u00e9es mensuellement de mani\u00e8re fixe et automatique (le montant socle), alors qu&rsquo;une partie modulable sera vers\u00e9e sur les deux derniers mois de l&rsquo;ann\u00e9e, afin de 1) lisser et d&rsquo;ajuster le montant annuel afin qu&rsquo;il corresponde aux \u00c9quivalents Temps Plein (ETP) d\u00e9clar\u00e9s et r\u00e9ellement effectu\u00e9s sur l&rsquo;ann\u00e9e, mais \u00e9galement 2) de r\u00e9compenser les \u00ab\u00a0<em>sorties positives<\/em>\u00ab\u00a0, le \u00ab\u00a0<em>taux de sorties dynamiques<\/em>\u00ab\u00a0, selon les jargons : c&rsquo;est-\u00e0-dire plus concr\u00e8tement le pourcentage de personnes qui parviennent \u00e0 l&rsquo;issue de leur contrat \u00e0 ne plus \u00eatre consid\u00e9r\u00e9 comme ch\u00f4meurs.<\/span><\/p>\n<p align=\"JUSTIFY\"><span style=\"font-family: book antiqua, palatino, serif;font-size: 12pt\">Ces deux initiatives dessinent un approfondissement de la tendance \u00e0 la polarisation : aux entreprises priv\u00e9es, on ouvre l&rsquo;acc\u00e8s \u00e0 une concurrence sur le march\u00e9 des biens \u00ab\u00a0socialement utiles\u00a0\u00bb ; aux SIAE, on intime la consigne d&rsquo;approfondir la gestion et le contr\u00f4le des ch\u00f4meurs, en accroissant le volet disciplinaire, et notamment les tendances \u00e0 l&rsquo;absent\u00e9isme, qui seront d\u00e8s lors sanctionn\u00e9es par le non-versement des aides au poste sur les ETP non respect\u00e9s.<\/span><\/p>\n<p align=\"JUSTIFY\"><span style=\"font-family: book antiqua, palatino, serif;font-size: 12pt\">Les Entreprises d&rsquo;Insertion (EI) manifestent leur inqui\u00e9tude devant la Loi relative \u00e0 l&rsquo;ESS, par la bouche de leur repr\u00e9sentant Kenny Bertonazzi : elles ne comprennent pas pourquoi elles n\u2019ont pas \u00e9t\u00e9 retenues dans le p\u00e9rim\u00e8tre des entreprises solidaires, au sens de l\u2019article premier de la loi. \u00ab <i><strong>Nous sommes des entreprises conventionn\u00e9es ; nous avions, pour la plupart d\u2019entre nous, l\u2019agr\u00e9ment d\u2019entreprise solidaire. Nous pensions donc pouvoir b\u00e9n\u00e9ficier automatiquement du nouvel agr\u00e9ment Entreprise solidaire d\u2019utilit\u00e9 sociale (Esus). Il se trouve qu\u2019en dehors des entreprises d\u2019insertion sous statut coop\u00e9ratif ou associatif, les autres devront faire la preuve de leur gouvernance participative, de leur lucrativit\u00e9 limit\u00e9e et de leur utilit\u00e9 sociale<\/strong>.<\/i> \u00bb<\/span><\/p>\n<\/div>\n<div class=\"page\" title=\"Page 61\">\n<div class=\"layoutArea\">\n<div class=\"column\">\n<\/div>\n<\/div>\n<\/div>\n<div class=\"page\" title=\"Page 62\">\n<div class=\"layoutArea\">\n<div class=\"column\">\n<\/div>\n<\/div>\n<\/div>\n<div class=\"column\">\n<p align=\"JUSTIFY\"><span style=\"font-family: book antiqua, palatino, serif;font-size: 12pt\">En 2018, on observe une salve de mesures destin\u00e9es \u00e0 promouvoir\u00a0 l\u2019IAE dans les politiques publiques d\u2019inclusion, que la Macronie fra\u00eechement arriv\u00e9e au pouvoir voit comme un outil int\u00e9ressant :<\/span><\/p>\n<p align=\"JUSTIFY\"><span style=\"font-family: book antiqua, palatino, serif;font-size: 12pt\">En janvier : appuy\u00e9e sur les conclusions du <a href=\"https:\/\/travail-emploi.gouv.fr\/sites\/travail-emploi\/files\/files-spip\/pdf\/donnons-nous_les_moyens_de_l_inclusion-rapport_de_jean-marc_borello.pdf\" target=\"_blank\" rel=\"noopener\">rapport Borello<\/a>, la <a href=\"https:\/\/www.google.com\/url?sa=t&amp;source=web&amp;rct=j&amp;opi=89978449&amp;url=https:\/\/travail-emploi.gouv.fr\/sites\/travail-emploi\/files\/2024-07\/tre_20180003_0000_p000.pdf&amp;ved=2ahUKEwiemtXBwoKOAxWpfKQEHWCaG08QFnoECBwQAw&amp;usg=AOvVaw3FXhF9-hKdqY_ZEpiHn886\" target=\"_blank\" rel=\"noopener\">Circulaire de la DGEFP cr\u00e9ant le Fonds d\u2019inclusion dans l\u2019emploi<\/a>, sous la direction de Muriel P\u00e9nicaud, vise \u00e0 g\u00e9rer globalement les contrats de l\u2019IAE, avec un pilotage assur\u00e9 par le pr\u00e9fet de r\u00e9gion. Cette circulaire vise \u00e0 encourager la formation des salari\u00e9s en insertion en impliquant le plus possible la structure employeuse, mais \u00e9galement \u00e0 \u00a0\u00bb <em><strong>renforcer l\u2019e\u0301valuation. Globalisation et territorialisation des politiques d\u2019insertion doivent e\u0302tre couple\u0301es a\u0300 une exigence renforce\u0301e d\u2019e\u0301valuation et de mesure d\u2019impact qui conduira a\u0300 modifier en ce sens les modalite\u0301s de pilotag<\/strong>e<\/em> \u00ab\u00a0.<\/span><\/p>\n<p align=\"JUSTIFY\"><span style=\"font-family: book antiqua, palatino, serif;font-size: 12pt\">En septembre : Pr\u00e9sentation de la <a href=\"https:\/\/www.google.com\/url?sa=t&amp;source=web&amp;rct=j&amp;opi=89978449&amp;url=https:\/\/sante.gouv.fr\/IMG\/pdf\/strategie_pauvrete_vfhd.pdf&amp;ved=2ahUKEwj_yrmwy4KOAxVPcKQEHTYSGeMQFnoECAkQAQ&amp;usg=AOvVaw1Y5aCywDeO8XG_bI1gm7tL\" target=\"_blank\" rel=\"noopener\">Strat\u00e9gie nationale de pr\u00e9vention et de lutte contre la pauvret\u00e9<\/a>, qui pr\u00e9voit \u00a0\u00bb <strong><em>300 000 personnes accompagne\u0301es chaque anne\u0301e dans le cadre de la Garantie d\u2019activite\u0301<\/em>\u00ab\u00a0, et \u00ab\u00a0<em>100 000 salarie\u0301s supple\u0301mentaires accueillis dans le secteur de l\u2019IAE<\/em><\/strong>\u00ab\u00a0. Les indicateurs d&rsquo;efficience retenus sont le \u00ab\u00a0<strong><em>Taux de retour a\u0300 l\u2019emploi des be\u0301ne\u0301ficiaires des minima sociaux\u00a0\u00bb et la \u00ab\u00a0Part des demandeurs d\u2019emploi de longue dure\u0301e<\/em>\u00ab\u00a0<\/strong> (Page 103).<\/span><\/p>\n<p align=\"JUSTIFY\"><span style=\"font-family: book antiqua, palatino, serif;font-size: 12pt\">En novembre : Cr\u00e9ation pour cinq ans du <a href=\"https:\/\/www.legifrance.gouv.fr\/jorf\/id\/JORFTEXT000037623794\" target=\"_blank\" rel=\"noopener\">Conseil de l\u2019Inclusion dans l\u2019emploi<\/a>, qui remplace le CNIAE, comprenant 1) cinq repr\u00e9sentants des administrations et des organismes charg\u00e9s d&rsquo;une mission de service public (P\u00f4le emploi, Banque publique d&rsquo;investissement, coh\u00e9sion sociale&#8230;), 2) huit repr\u00e9sentants du monde des SIAE, 3) huit repr\u00e9sentants du monde de l&rsquo;entreprise, et 4) deux universitaires ou chercheurs comp\u00e9tents dans le domaine. L\u2019instance vise \u00e0 formuler des propositions en mati\u00e8re de politiques d\u2019inclusion dans l\u2019emploi, mais fera long feu, comme nous le verrons.<\/span><\/p>\n<p align=\"JUSTIFY\"><span style=\"font-family: book antiqua, palatino, serif;font-size: 12pt\">En d\u00e9cembre : Un d\u00e9cret permet l&rsquo;exp\u00e9rimentation de l&rsquo;\u00e9largissement des formes d&rsquo;IAE au travail ind\u00e9pendant \u00e0 travers des <a href=\"https:\/\/travail-emploi.gouv.fr\/les-entreprises-dinsertion-par-le-travail-independant-eiti\" target=\"_blank\" rel=\"noopener\">Entreprises d&rsquo;Insertion par le Travail Ind\u00e9pendant<\/a> (EITI). \u00c0 travers la cr\u00e9ation de l\u2019EiTI, il est d\u00e9sormais possible d\u2019int\u00e9grer les travailleurs ind\u00e9pendants fragiles au champ de l\u2019IAE. Ce d\u00e9cret cherche \u00e0 capter un public relevant de l\u2019IAE qui ne pourrait pas \u00eatre capt\u00e9 avec l\u2019outil du salariat, alors qu&rsquo;il poss\u00e8de des comp\u00e9tences techniques et de r\u00e9elles capacit\u00e9s entrepreneuriales. Il s&rsquo;agit de fournir un accompagnement sp\u00e9cifique, et des mises en relation avec une client\u00e8le potentielle.<\/span><\/p>\n<\/div>\n<\/div>\n<\/div>\n<p>&nbsp;<\/p>\n<div class=\"page\" title=\"Page 1\">\n<div class=\"page\" title=\"Page 1\">\n<div class=\"layoutArea\">\n<div class=\"page\" title=\"Page 1\">\n<div class=\"section\">\n<div class=\"layoutArea\">\n<div class=\"column\">\n<p><span style=\"font-family: book antiqua, palatino, serif;font-size: 12pt\">Fin 2019, le secteur de l\u2019insertion par l\u2019activite\u0301 e\u0301conomique (IAE) compte 134 300 salarie\u0301s (+1,4 % par rapport a\u0300 fin 2018). Re\u0301partis dans 3 843 structures conventionne\u0301es par l\u2019E\u0301tat, les salarie\u0301s de l\u2019IAE travaillent surtout dans des ateliers et chantiers d\u2019insertion (ACI, 39 %), des associations interme\u0301diaires (AI, 39 %), mais aussi dans des entreprises d\u2019insertion (EI, 12 %) et de travail temporaire d\u2019insertion (ETTI, 10 %). Les contrats signe\u0301s, renouvellements inclus, augmentent de 2,5 %. Cette hausse de l&#8217;embauche concerne surtout les ACI (+6,5 %) et les EI (+6,7 %), mais on observe une diminution dans les structures mettant a\u0300 disposition leurs salarie\u0301s (-5,6 % en AI et -2,0 % en ETTI). L\u2019IAE repre\u0301sente 82 700 emplois en e\u0301quivalents temps plein (ETP), en hausse de 1,4 %. (Chiffres DARES\u2022RE\u0301SULTATS N\u00b0 11, L\u2019insertion par l\u2019activite\u0301 e\u0301conomique en 2019, mars 2021)<\/span><\/p>\n<div class=\"page\" title=\"Page 2\">\n<div class=\"layoutArea\">\n<div class=\"column\">\n<p><span style=\"font-family: book antiqua, palatino, serif;font-size: 12pt\">Cette tendance haussie\u0300re renoue avec l&rsquo;expansion du secteur observe\u0301e entre 2009 et 2017, qui s\u2019e\u0301tait interrompue en 2018.<\/span><\/p>\n<p><span style=\"font-family: book antiqua, palatino, serif;font-size: 12pt\">Et pourtant, apr\u00e8s cet emballement l\u00e9gislatif des ann\u00e9es 2018-2019 on observe une baisse d&rsquo;int\u00e9r\u00eat de la part des politiques publiques.<\/span><\/p>\n<p><span style=\"font-family: book antiqua, palatino, serif;font-size: 12pt\">Le 7 avril 2024, Gabriel Attal annonce la <a href=\"https:\/\/blogs.alternatives-economiques.fr\/abherve\/2024\/04\/07\/gabriel-attal-annonce-la-suppression-du-comite-d-inclusion-dans-l-emploi\" target=\"_blank\" rel=\"noopener\">suppression du Conseil de l&rsquo;Inclusion dans l&rsquo;Emploi<\/a> fra\u00eechement cr\u00e9\u00e9, qui ne s&rsquo;est pas r\u00e9uni depuis&#8230; 2019. Il n&rsquo;est pas remplac\u00e9 ni par un retour du CNIAE qu&rsquo;il avait remplac\u00e9, ni par aucune autre instance.<\/span><\/p>\n<p><span style=\"font-family: book antiqua, palatino, serif;font-size: 12pt\">Peu avant, le 7 f\u00e9vrier 2024, dans la foul\u00e9e de la cr\u00e9ation de France Travail, la Ministre du Travail Catherine Vautrin \u00e9dite la circulaire relative au Fonds d\u2019inclusion dans l\u2019emploi (FIE) en faveur des personnes les plus e\u0301loigne\u0301es du marche\u0301 du travail. Cette circulaire annonce que pour l&rsquo;IAE, \u00a0\u00bb <strong><em>dans la continuite\u0301 de 2023, l\u2019anne\u0301e 2024 sera une anne\u0301e de consolidation, oriente\u0301e vers le renforcement de la qualite\u0301 des parcours, l\u2019entre\u0301e en formation et le ciblage des personnes les plus e\u0301loigne\u0301es de l\u2019emploi<\/em><\/strong> \u00ab\u00a0. Mais cette apparent soutien cache mal un coup de frein :<\/span><\/p>\n<p><span style=\"font-family: book antiqua, palatino, serif;font-size: 12pt\">\u00a0\u00bb <strong><em>Les renouvellements de contrats aide\u0301s ne sont ni prioritaires ni automatiques. Ils doivent e\u0302tre conditionne\u0301s a\u0300 l\u2019e\u0301valuation, par le prescripteur, de leur utilite\u0301 pour le be\u0301ne\u0301ficiaire et autorise\u0301s sous re\u0301serve du respect des engagements de l\u2019employeur. (&#8230;) Le budget de\u0301die\u0301 aux aides aux postes s\u2019e\u0301le\u0300vera a\u0300 1 376,4 M\u20ac. La priorite\u0301 sera donne\u0301e par les services de\u0301concentre\u0301s a\u0300 la reconduction du re\u0301alise\u0301 2023 en moyenne annuelle. (&#8230;) L\u2019enjeu est d\u2019inscrire ces contrats dans des parcours individualise\u0301s de qualification permettant a\u0300 ces personnes de s\u2019orienter, par la suite, vers tous les types des me\u0301tiers de l\u2019accompagnement et du soin a\u0300 domicile et en e\u0301tablissement, les me\u0301tiers de la petite enfance et les me\u0301tiers de l\u2019accompagnement social et de la protection de l\u2019enfance. (&#8230;) Les Parcours Emploi Compe\u0301tences (PEC) sont notifie\u0301s au sein d\u2019une enveloppe de 60 885 contrats. Les Contrats Initiative Emploi (CIE) jeunes sont notifie\u0301s au sein d\u2019une enveloppe de 13 953 contrats. Le pilotage des PEC et des CIE s\u2019effectue sur la base des enveloppes financie\u0300res notifie\u0301es, conside\u0301re\u0301es comme la limite des cre\u0301dits a\u0300 consommer. Ainsi, dans l\u2019objectif de respecter l\u2019enveloppe budge\u0301taire, toute demande de de\u0301rogation par rapport aux valeurs moyennes de re\u0301fe\u0301rence pre\u0301sente\u0301es ci-dessous devra e\u0302tre du\u0302ment justifie\u0301e par les pre\u0301fets.<\/em><\/strong> \u00ab\u00a0<\/span><\/p>\n<div class=\"layoutArea\">\n<div class=\"column\">\n<p><span style=\"font-family: book antiqua, palatino, serif;font-size: 12pt\">Une tribune sign\u00e9e le 6 juin 2024 par Coorace, Cocagne, Chantier e\u0301cole, Fe\u0301de\u0301ration des Acteurs de la solidarite\u0301, Emmau\u0308s, Union nationale des Associations Interme\u0301diaires, Mouvement des Re\u0301gies, s&rsquo;inqui\u00e8tent de ce mouvement de recul, et d\u00e9crit une amplification des imp\u00e9ratifs contradictoires pour le secteur :<\/span><\/p>\n<\/div>\n<\/div>\n<div class=\"page\" title=\"Page 1\">\n<div class=\"layoutArea\">\n<div class=\"column\">\n<p><span style=\"font-family: book antiqua, palatino, serif;font-size: 12pt\">\u00a0\u00bb <strong><em>En France, plus de 4 600 SIAE, porte\u0301es majoritairement par des associations signataires de conventions avec l\u2019E\u0301tat, assument les objectifs assigne\u0301s de la politique publique d\u2019accompagnement des personnes les plus e\u0301loigne\u0301es de l\u2019emploi. (&#8230;) Si la Cour des comptes a juge\u0301 en 2019 \u00ab tre\u0300s positive \u00bb l\u2019action des SIAE, aujourd\u2019hui, du fait d\u2019une accumulation de contraintes externes, leur mode\u0300le social et e\u0301conomique est de plus en plus fragilise\u0301, voire menace\u0301 de disparition. Dans le contexte dit de \u00ab consolidation budge\u0301taire \u00bb, les modalite\u0301s ope\u0301rationnelles de la loi Plein Emploi sont de\u0301battues sans que le sort de l\u2019IAE ne soit clairement tranche\u0301. (&#8230;) En 2024, les SIAE voient leurs aides au poste de\u0301sindexe\u0301es des revalorisations du SMIC et ne peuvent plus faire appel aux fonds d\u2019investissement spe\u0301cifiques (FDI), tout cela dans un contexte inflationniste qui pe\u0300se lourdement sur leurs budgets. A cela s\u2019ajoute e\u0301galement un risque de perte de chance pour les salarie\u0301s en parcours de be\u0301ne\u0301ficier d\u2019une formation, puisque l\u2019enveloppe du Plan d\u2019Investissement dans les Compe\u0301tences IAE s\u2019est vue ampute\u0301e de 10 millions d\u2019euros par la strate\u0301gie d\u2019e\u0301conomie du gouvernement. (&#8230;) L\u2019\u00c9tat nous dit qu\u2019il n\u2019a plus de moyens nouveaux a\u0300 mettre sur la table des ne\u0301gociations avec les De\u0301partements alors que ceux-ci doivent le\u0301galement co-financer les postes des be\u0301ne\u0301ficiaires du RSA accompagne\u0301s dans les structures d\u2019insertion. (&#8230;) Des associations apprennent ainsi, re\u0301troactivement, qu\u2019elles vont e\u0302tre ampute\u0301es de centaines de milliers d\u2019euros en cours d\u2019anne\u0301e, cre\u0301ant de facto une situation de crise budge\u0301taire souvent insoutenable.<\/em><\/strong><\/span><\/p>\n<\/div>\n<\/div>\n<\/div>\n<div class=\"page\" title=\"Page 6\">\n<div class=\"layoutArea\">\n<div class=\"column\"><span style=\"font-family: book antiqua, palatino, serif;font-size: 12pt\"><strong><em>Ainsi, par injonctions des diffe\u0301rents pouvoirs publics, parfois contradictoires, et avec de moins en moins de fonds par structure, les SIAE doivent renforcer leurs accompagnements, recruter des personnes de plus en plus e\u0301loigne\u0301es de l\u2019emploi tout en en de\u0301veloppant une part marchande d\u2019auto-financement croissante, ce qui peut les e\u0301loigner de leurs missions sociales&#8230; La situation est devenue intenable<\/em><\/strong>. \u00a0\u00bb\u00a0<\/span>\n<\/div>\n<\/div>\n<\/div>\n<\/div>\n<\/div>\n<div>\n<\/div>\n<div class=\"layoutArea\">\n<div class=\"column\">\n<div class=\"page\" title=\"Page 6\">\n<div>\n<p><span style=\"font-family: book antiqua, palatino, serif;font-size: 12pt\">Aujourd&rsquo;hui cela ne s&rsquo;arrange pas pour l&rsquo;IAE, dans un contexte de rognure budg\u00e9taire tous azimuts, comme en t\u00e9moigne <a href=\"https:\/\/www.carenews.com\/carenews-info\/news\/l-insertion-par-l-activite-economique-face-a-des-coupes-de-grande-ampleur\" target=\"_blank\" rel=\"noopener\">un article de CareNews<\/a> :<\/span><\/p>\n<p><span style=\"font-family: book antiqua, palatino, serif;font-size: 12pt\">\u00a0\u00bb <em><strong>Le <a href=\"https:\/\/www.carenews.com\/carenews-info\/news\/186-000-emplois-menaces-par-le-budget-adopte-selon-l-udes\" target=\"_blank\" rel=\"noopener\">budget 2025<\/a>, adopt\u00e9 officiellement jeudi 6 f\u00e9vrier, a eu l\u2019effet d\u2019une douche froide chez les acteurs de l\u2019insertion par l\u2019activit\u00e9 \u00e9conomique (IAE). L\u2019enveloppe des aides aux postes d\u2019insertion fournies par l\u2019\u00c9tat se trouve amoindrie de 50 millions d\u2019euros par rapport \u00e0 l&rsquo;ann\u00e9e pr\u00e9c\u00e9dente. \u00ab Cela repr\u00e9sente 11 000 parcours d\u2019accompagnement en moins, sur un total de 300 000 \u00bb, estiment les diff\u00e9rents responsables du Collectif IAE, r\u00e9unis \u00e0 Paris lors d\u2019une conf\u00e9rence de presse. (&#8230;) La formation professionnelle des salari\u00e9s en parcours d\u2019insertion est \u00e9galement touch\u00e9e, avec un budget de 30 millions d\u2019euros de moins qu\u2019en 2023 pour le Plan d\u2019Investissement dans les Comp\u00e9tences de l\u2019IAE. (&#8230;) Il avait d\u00e9j\u00e0 \u00e9t\u00e9 r\u00e9duit de 10 millions d\u2019euros en 2024, via un d\u00e9cret portant annulation des cr\u00e9dits. (&#8230;) \u00ab Nous sommes face \u00e0 un paradoxe \u00bb, d\u00e9nonce Nathalie Latour, directrice g\u00e9n\u00e9rale de la F\u00e9d\u00e9ration des acteurs de la solidarit\u00e9. \u00ab Le gouvernement affiche sa volont\u00e9 de favoriser l\u2019insertion par le travail dans sa loi pour le plein emploi (NDLR : promulgu\u00e9e le 18 d\u00e9cembre 2023) et aujourd\u2019hui le m\u00e9canisme fait face \u00e0 une baisse de budget \u00bb<\/strong>, d\u00e9taille-t-elle<\/em> \u00ab\u00a0. \u00a0<\/span><\/p>\n<p><span style=\"font-family: book antiqua, palatino, serif;font-size: 12pt\">Dans un contexte de hausse du ch\u00f4mage, cette baisse des aides de l\u2019\u00c9tat et, par ricochet, des collectivit\u00e9s territoriales, elles-m\u00eames ponctionn\u00e9es, leur semble incompr\u00e9hensible.<\/span><\/p>\n<p><span style=\"font-family: book antiqua, palatino, serif;font-size: 12pt\">\u00ab <strong><em>Nous avons bien conscience qu\u2019il y a eu des efforts sur l\u2019IAE depuis 2018. Mais les objectifs sont aujourd\u2019hui revus \u00e0 la baisse. Or, l\u2019IAE est un filet de s\u00e9curit\u00e9 qu\u2019il est imp\u00e9ratif de pr\u00e9server<\/em><\/strong> \u00bb, estime Antoine Laurent.<\/span><\/p>\n<\/div>\n<\/div>\n<p><span style=\"font-family: book antiqua, palatino, serif;font-size: 12pt\">Il y a de quoi s&rsquo;inqui\u00e9ter, car de nos jours, cette notion de \u00ab\u00a0filet de s\u00e9curit\u00e9\u00a0\u00bb n&rsquo;est plus vraiment \u00e0 la mode. Nous en sommes plut\u00f4t au saut \u00e0 l&rsquo;\u00e9lastique, sans \u00e9lastique.\u00a0<\/span><\/p>\n<p>&nbsp;<\/p>\n<p><a href=\"https:\/\/azqs.com\/insertionexploitation\/economie-sociale-et-solidaire\/\"><span style=\"font-family: book antiqua, palatino, serif;font-size: 12pt\">Page pr\u00e9c\u00e9dente<\/span><\/a><\/p>\n<\/div>\n<\/div>\n<\/div>\n<\/div>\n<\/div>\n<p style=\"text-align: right\"><a href=\"https:\/\/azqs.com\/insertionexploitation\/\"><span style=\"font-family: book antiqua, palatino, serif;font-size: 12pt\">Retour \u00e0 l&rsquo;accueil<\/span><\/a><\/p>\n<div class=\"layoutArea\">\n<p style=\"text-align: center\"><a href=\"https:\/\/azqs.com\/insertionexploitation\/temoignages\/\" target=\"_blank\" rel=\"noopener\"><span style=\"font-family: book antiqua, palatino, serif;font-size: 12pt\"><strong>Appel \u00e0 t\u00e9moignage<\/strong><\/span><\/a><\/p>\n<\/div>\n<\/div>\n<\/div>\n<\/div>\n<div class=\"layoutArea\">\n<p style=\"text-align: right\"><a href=\"https:\/\/azqs.com\/insertionexploitation\/ce-que-nous-voulons-ce-que-nous-ne-voulons-pas\/\" target=\"_blank\" rel=\"noopener\"><span style=\"font-family: book antiqua, palatino, serif;font-size: 12pt\">Ce que nous voulons, ce que nous ne voulons pas.<\/span><\/a><\/p>\n<\/div>\n<\/div>\n<\/div>\n<div class=\"page\" title=\"Page 3\">\n<div class=\"layoutArea\">\n<div class=\"column\">\n<p>&nbsp;<\/p>\n<\/div>\n<\/div>\n<div class=\"page\" title=\"Page 7\">\n<div class=\"layoutArea\">\n<div class=\"column\">\n<p>&nbsp;<\/p>\n<\/div>\n<\/div>\n<\/div>\n<\/div>\n<p>&nbsp;<\/p>\n","protected":false},"excerpt":{"rendered":"<p>Le mouvement de l\u2019insertion par le travail commence au tout d\u00e9but des ann\u00e9es 70. 1) dans les Centres d&rsquo;H\u00e9bergement et de R\u00e9adaptation Sociale (CHRS), suite \u00e0 des initiatives personnelles de salari\u00e9s encadrants. Deux objectifs distincts se c\u00f4toient dans leur esprit : &#8211; d&rsquo;une part il y a un aspect occupation du temps libre, comme en t\u00e9moigne un des protagonistes, interrog\u00e9 par Philippe Br\u00e9geon : \u00ab Avec tous ces gars sans travail, on en avait marre de voir les gens tourner en rond dans le foyer et on finissait par tourner nous-m\u00eames en rond avec eux&#8230; Le probl\u00e8me que l&rsquo;on se posait, c&rsquo;est que si l&rsquo;on \u00e9tait l\u00e0 uniquement \u00e0 garder des gens, on ne voyait pas l&rsquo;utilit\u00e9 de notre travail&#8230; \u00bb (Charles, in Philippe Br\u00e9geon). Le travail est alors un simple antidote \u00e0 l&rsquo;oisivet\u00e9. &#8211; d&rsquo;autre part, il y a l&rsquo;aspect contrepartie, ce qui revient \u00e0 consid\u00e9rer que les b\u00e9n\u00e9ficiaires \u00e9changent leur travail contre un salaire en nature : l&rsquo;h\u00e9bergement. Mais certains salari\u00e9s en CHRS en \u00e9prouvent une certaine mauvaise conscience, comme le m\u00eame Charles : \u00ab Nous avons r\u00e9fl\u00e9chi assez longtemps au sein de l&rsquo;\u00e9quipe \u00e9ducative pour savoir s&rsquo;il fallait r\u00e9tribuer le travail. Certains d&rsquo;entre nous \u00e9tions d&rsquo;anciens syndicalistes. [&hellip;]<\/p>\n","protected":false},"author":402,"featured_media":0,"parent":0,"menu_order":0,"comment_status":"open","ping_status":"closed","template":"","meta":{"footnotes":""},"class_list":["post-234","page","type-page","status-publish","hentry"],"_links":{"self":[{"href":"https:\/\/azqs.com\/insertionexploitation\/wp-json\/wp\/v2\/pages\/234"}],"collection":[{"href":"https:\/\/azqs.com\/insertionexploitation\/wp-json\/wp\/v2\/pages"}],"about":[{"href":"https:\/\/azqs.com\/insertionexploitation\/wp-json\/wp\/v2\/types\/page"}],"author":[{"embeddable":true,"href":"https:\/\/azqs.com\/insertionexploitation\/wp-json\/wp\/v2\/users\/402"}],"replies":[{"embeddable":true,"href":"https:\/\/azqs.com\/insertionexploitation\/wp-json\/wp\/v2\/comments?post=234"}],"version-history":[{"count":4,"href":"https:\/\/azqs.com\/insertionexploitation\/wp-json\/wp\/v2\/pages\/234\/revisions"}],"predecessor-version":[{"id":412,"href":"https:\/\/azqs.com\/insertionexploitation\/wp-json\/wp\/v2\/pages\/234\/revisions\/412"}],"wp:attachment":[{"href":"https:\/\/azqs.com\/insertionexploitation\/wp-json\/wp\/v2\/media?parent=234"}],"curies":[{"name":"wp","href":"https:\/\/api.w.org\/{rel}","templated":true}]}}