{"id":67,"date":"2013-02-10T20:33:51","date_gmt":"2013-02-10T20:33:51","guid":{"rendered":"http:\/\/azqs.com\/bilobarev\/?page_id=67"},"modified":"2024-09-25T23:12:17","modified_gmt":"2024-09-25T23:12:17","slug":"vous-avez-dis-biloba","status":"publish","type":"page","link":"https:\/\/azqs.com\/bilobarev\/vous-avez-dis-biloba\/","title":{"rendered":"Qui est Matthieu Fran\u00e7ois ?"},"content":{"rendered":"<p><a href=\"http:\/\/azqs.com\/bilobarev\/files\/2013\/02\/Feuille_ginkgobiloba_plan_premier_puis_feuillage.jpg\"><img loading=\"lazy\" decoding=\"async\" class=\"size-medium wp-image-69 alignleft\" src=\"http:\/\/azqs.com\/bilobarev\/files\/2013\/02\/Feuille_ginkgobiloba_plan_premier_puis_feuillage-300x224.jpg\" alt=\"image d'une feuille de Ginkgo biloba\" width=\"200\" height=\"149\" srcset=\"https:\/\/azqs.com\/bilobarev\/files\/2013\/02\/Feuille_ginkgobiloba_plan_premier_puis_feuillage-300x224.jpg 300w, https:\/\/azqs.com\/bilobarev\/files\/2013\/02\/Feuille_ginkgobiloba_plan_premier_puis_feuillage-250x187.jpg 250w, https:\/\/azqs.com\/bilobarev\/files\/2013\/02\/Feuille_ginkgobiloba_plan_premier_puis_feuillage-400x300.jpg 400w, https:\/\/azqs.com\/bilobarev\/files\/2013\/02\/Feuille_ginkgobiloba_plan_premier_puis_feuillage.jpg 709w\" sizes=\"(max-width: 200px) 100vw, 200px\" \/><\/a><br \/>\n\u00c9puis\u00e9 d&rsquo;une belle randonn\u00e9e dans les Vosges, c&rsquo;est devant une bonne flamb\u00e9e,\u00a0 que cette interview \u00a0 imaginaire pris forme.<\/p>\n<p>Elle tente de r\u00e9pondre a une question simple en apparence&#8230;<\/p>\n<h4>Mais qui sont donc BILOBAREV et Matthieu FRANCOIS ?<\/h4>\n<p><img loading=\"lazy\" decoding=\"async\" class=\"alignleft wp-image-74\" src=\"http:\/\/azqs.com\/bilobarev\/files\/2013\/02\/Micro_interviews_rond.jpg\" alt=\"Micro_interviews_rond\" width=\"30\" height=\"30\" \/> Intervieweur\u00a0: \u00ab\u00a0Bient\u00f4t neuf ans que l\u2019on voit s\u2019\u00e9panouir dans nos VOSGES\u00a0cette jolie feuille\u00a0 d\u2019un arbre sacr\u00e9 d\u2019Extr\u00eame-Orient, le GINKGO BILOBA\u00a0 ? Que vient-elle procurer \u00e0 notre r\u00e9gion ?<\/p>\n<p><img loading=\"lazy\" decoding=\"async\" class=\"alignleft wp-image-71\" src=\"http:\/\/azqs.com\/bilobarev\/files\/2013\/02\/ginkgo-biloba_mini.jpg\" alt=\"logo_ginkgo-biloba_mini\" width=\"30\" height=\"30\" \/>Matthieu Fran\u00e7ois : En effet, apr\u00e8s un long parcours, elle vient structurer mes activit\u00e9s de montagne au sein de cette entreprise \u00ab\u00a0BILOBAREV \u00bb.<\/p>\n<p>&nbsp;<\/p>\n<p><img loading=\"lazy\" decoding=\"async\" class=\"alignleft wp-image-74\" src=\"http:\/\/azqs.com\/bilobarev\/files\/2013\/02\/Micro_interviews_rond.jpg\" alt=\"Micro_interviews_rond\" width=\"30\" height=\"30\" \/>Comment y \u00eates-vous arriv\u00e9\u00a0?<\/p>\n<p>&nbsp;<\/p>\n<p><img loading=\"lazy\" decoding=\"async\" class=\"alignleft wp-image-71\" src=\"http:\/\/azqs.com\/bilobarev\/files\/2013\/02\/ginkgo-biloba_mini.jpg\" alt=\"logo_ginkgo-biloba_mini\" width=\"30\" height=\"30\" \/>\u00a0D\u00e8s l\u2019\u00e2ge de trois ans, n\u00e9 dans une famille de randonneurs, j&rsquo;ai d\u00e9couvert les sentiers vosgiens. Puis, chaque ann\u00e9e, j\u2019usais mes semelles au travers de nos massifs fran\u00e7ais comme le Mercantour, La Vanoise, Le Queyras, Les Ecrins&#8230;<\/p>\n<p><img loading=\"lazy\" decoding=\"async\" class=\"alignleft wp-image-74\" src=\"http:\/\/azqs.com\/bilobarev\/files\/2013\/02\/Micro_interviews_rond.jpg\" alt=\"Micro_interviews_rond\" width=\"30\" height=\"30\" \/>\u00a0Si j\u2019ai bien compris, tr\u00e8s jeune vous \u00eates \u00ab\u00a0tomb\u00e9 dedans\u00a0\u00bb cette potion merveilleuse et revigorante que sont nos montagnes\u00a0!<\/p>\n<p>&nbsp;<\/p>\n<p><img loading=\"lazy\" decoding=\"async\" class=\"alignleft wp-image-71\" src=\"http:\/\/azqs.com\/bilobarev\/files\/2013\/02\/ginkgo-biloba_mini.jpg\" alt=\"logo_ginkgo-biloba_mini\" width=\"30\" height=\"30\" \/>\u00a0Oui, tout mon cheminement professionnel en atteste, apr\u00e8s des \u00e9tudes de commerce qui m&rsquo;ont guid\u00e9 vers la vente d\u2019\u00e9quipements alpins, j\u2019ai toujours \u00e9t\u00e9 vers les sommets par des formations qualifiantes de Technicien d\u2019acc\u00e8s difficiles sur corde ((1999 \u2013 2012)\u00a0puis de Formateur au dipl\u00f4me d\u2019\u00e9tat de \u00a0 \u00a0 \u00a0 \u00a0 cordiste (2006 \u2013 2012).<\/p>\n<p><img loading=\"lazy\" decoding=\"async\" class=\"alignleft wp-image-74\" src=\"http:\/\/azqs.com\/bilobarev\/files\/2013\/02\/Micro_interviews_rond.jpg\" alt=\"Micro_interviews_rond\" width=\"30\" height=\"30\" \/>\u00a0Cela vous m\u00e8ne vers les vall\u00e9es, non\u00a0?<\/p>\n<p>&nbsp;<\/p>\n<p><img loading=\"lazy\" decoding=\"async\" class=\"alignleft wp-image-71\" src=\"http:\/\/azqs.com\/bilobarev\/files\/2013\/02\/ginkgo-biloba_mini.jpg\" alt=\"logo_ginkgo-biloba_mini\" width=\"30\" height=\"30\" \/>\u00a0Cette diversification n\u2019alt\u00e8re en rien mes activit\u00e9s montagnardes. Les saisons hivernales aux Gets et \u00e0 Val d&rsquo;Is\u00e8re m&rsquo;ont permis de devenir Pisteur Secouriste Nordique, autour des ann\u00e9es 2000.<\/p>\n<p><img loading=\"lazy\" decoding=\"async\" class=\"alignleft wp-image-74\" src=\"http:\/\/azqs.com\/bilobarev\/files\/2013\/02\/Micro_interviews_rond.jpg\" alt=\"Micro_interviews_rond\" width=\"30\" height=\"30\" \/>\u00a0Comment s\u2019est fait votre retour vers nos Vosges\u00a0?<\/p>\n<p>&nbsp;<\/p>\n<p><img loading=\"lazy\" decoding=\"async\" class=\"alignleft wp-image-71\" src=\"http:\/\/azqs.com\/bilobarev\/files\/2013\/02\/ginkgo-biloba_mini.jpg\" alt=\"logo_ginkgo-biloba_mini\" width=\"30\" height=\"30\" \/>\u00a0Ce retour \u00e0 mes \u00ab\u00a0premiers amours\u00a0\u00bb\u00a0? Par ma Formation d\u2019Accompagnateur en Montagne ainsi que de la qualification VTT et un Bapaat Escalade (2003 \u2013 2005).<\/p>\n<p>&nbsp;<\/p>\n<p><img loading=\"lazy\" decoding=\"async\" class=\"alignleft wp-image-74\" src=\"http:\/\/azqs.com\/bilobarev\/files\/2013\/02\/Micro_interviews_rond.jpg\" alt=\"Micro_interviews_rond\" width=\"30\" height=\"30\" \/>\u00a0Que proposez-vous comme activit\u00e9s\u00a0? Et \u00e0 quel public vous adressez-vous\u00a0?<\/p>\n<p>&nbsp;<\/p>\n<p><img loading=\"lazy\" decoding=\"async\" class=\"alignleft wp-image-71\" src=\"http:\/\/azqs.com\/bilobarev\/files\/2013\/02\/ginkgo-biloba_mini.jpg\" alt=\"logo_ginkgo-biloba_mini\" width=\"30\" height=\"30\" \/>\u00a0A tous publics, bien s\u00fbr, car je sais adapter les activit\u00e9s aux demandes et aux possibilit\u00e9s des clients qu\u2019il s\u2019agisse d\u2019individu, de petits ou grands groupes ou de Comit\u00e9s d\u2019Entreprise, je leur assure de belles d\u00e9couvertes en quelques heures ou en s\u00e9jours \u00e0 la semaine, dans les Vosges et partout o\u00f9 on me le demande.<\/p>\n<p><img loading=\"lazy\" decoding=\"async\" class=\"alignleft wp-image-74\" src=\"http:\/\/azqs.com\/bilobarev\/files\/2013\/02\/Micro_interviews_rond.jpg\" alt=\"Micro_interviews_rond\" width=\"30\" height=\"30\" \/>\u00a0Quelles sont les \u00ab\u00a0plus\u00a0\u00bb\u00a0?<\/p>\n<p>&nbsp;<\/p>\n<p><img loading=\"lazy\" decoding=\"async\" class=\"alignleft wp-image-71\" src=\"http:\/\/azqs.com\/bilobarev\/files\/2013\/02\/ginkgo-biloba_mini.jpg\" alt=\"logo_ginkgo-biloba_mini\" width=\"30\" height=\"30\" \/>\u00a0Je mets en valeur toutes ces activit\u00e9s par mon dynamisme, le souci de convivialit\u00e9, sans n\u00e9gliger une p\u00e9dagogie ludique des apprentissages du monde montagnard et de l\u2019\u00e9cologie.<\/p>\n<p><img loading=\"lazy\" decoding=\"async\" class=\"alignleft wp-image-74\" src=\"http:\/\/azqs.com\/bilobarev\/files\/2013\/02\/Micro_interviews_rond.jpg\" alt=\"Micro_interviews_rond\" width=\"30\" height=\"30\" \/>\u00a0Mais alors\u00a0? Qu\u2019est-ce qu\u2019on attend\u00a0? Vous \u00eates disponible\u00a0? On y va\u00a0! Avec BILOBAREV !\u00a0\u00bb<\/p>\n","protected":false},"excerpt":{"rendered":"<p>\u00c9puis\u00e9 d&rsquo;une belle randonn\u00e9e dans les Vosges, c&rsquo;est devant une bonne flamb\u00e9e,\u00a0 que cette interview \u00a0 imaginaire pris forme. Elle tente de r\u00e9pondre a une question simple en apparence&#8230; Mais qui sont donc BILOBAREV et Matthieu FRANCOIS ? Intervieweur\u00a0: \u00ab\u00a0Bient\u00f4t neuf ans que l\u2019on voit s\u2019\u00e9panouir dans nos VOSGES\u00a0cette jolie feuille\u00a0 d\u2019un arbre sacr\u00e9 d\u2019Extr\u00eame-Orient, &hellip; <\/p>\n<p><a class=\"more-link btn\" href=\"https:\/\/azqs.com\/bilobarev\/vous-avez-dis-biloba\/\">Lire la suite<\/a><\/p>\n","protected":false},"author":282,"featured_media":0,"parent":0,"menu_order":0,"comment_status":"closed","ping_status":"closed","template":"","meta":{"footnotes":""},"class_list":["post-67","page","type-page","status-publish","hentry","nodate","item-wrap"],"_links":{"self":[{"href":"https:\/\/azqs.com\/bilobarev\/wp-json\/wp\/v2\/pages\/67"}],"collection":[{"href":"https:\/\/azqs.com\/bilobarev\/wp-json\/wp\/v2\/pages"}],"about":[{"href":"https:\/\/azqs.com\/bilobarev\/wp-json\/wp\/v2\/types\/page"}],"author":[{"embeddable":true,"href":"https:\/\/azqs.com\/bilobarev\/wp-json\/wp\/v2\/users\/282"}],"replies":[{"embeddable":true,"href":"https:\/\/azqs.com\/bilobarev\/wp-json\/wp\/v2\/comments?post=67"}],"version-history":[{"count":48,"href":"https:\/\/azqs.com\/bilobarev\/wp-json\/wp\/v2\/pages\/67\/revisions"}],"predecessor-version":[{"id":552,"href":"https:\/\/azqs.com\/bilobarev\/wp-json\/wp\/v2\/pages\/67\/revisions\/552"}],"wp:attachment":[{"href":"https:\/\/azqs.com\/bilobarev\/wp-json\/wp\/v2\/media?parent=67"}],"curies":[{"name":"wp","href":"https:\/\/api.w.org\/{rel}","templated":true}]}}