{"id":88,"date":"2015-03-28T20:40:02","date_gmt":"2015-03-28T19:40:02","guid":{"rendered":"http:\/\/azqs.com\/adn\/?page_id=88"},"modified":"2019-07-15T11:18:34","modified_gmt":"2019-07-15T09:18:34","slug":"references","status":"publish","type":"page","link":"https:\/\/azqs.com\/adn\/references\/","title":{"rendered":"REFERENCES"},"content":{"rendered":"<p>L&rsquo;ADN a \u00e9t\u00e9 aper\u00e7u ici ! Consultez son <span style=\"color: #ee1746\"><strong>r\u00e9troplanning<\/strong> <\/span>sous la forme <em>date &#8211; contexte &#8211; localit\u00e9 &#8211; objet diffus\u00e9 sur l&rsquo;ADN <\/em>et cliquez sur\u00a0[Galerie photos] pour apercevoir une <span style=\"color: #ee1746\"><strong>galerie photo<\/strong><\/span> :<\/p>\n<p><span style=\"color: #ee1746\"><strong>2019<\/strong><\/span><\/p>\n<p><strong>26 Mai<\/strong> &#8211; Destination Nature, Leutenheim &#8211; animation sonore [<a href=\"https:\/\/azqs.com\/adn\/?page_id=1048&amp;preview=true\" target=\"_blank\" rel=\"noopener\">Galerie photos<\/a>]<br \/>\n<strong>23 Mai<\/strong> &#8211; F\u00eate du lyc\u00e9e Pflixbourg, Wintzenheim &#8211; ateliers sons et animations sonores<br \/>\n<strong>19 Mai<\/strong> &#8211; Basse Zorn \u00e0 l&rsquo;An Vert, Weyersheim &#8211; r\u00e9gie son, sonorisation, conf\u00e9rences, chorales, discours [<a href=\"https:\/\/azqs.com\/adn\/?page_id=1061&amp;preview=true\" target=\"_blank\" rel=\"noopener\">Galerie photos<\/a>]<br \/>\n<strong>18 Mai<\/strong> &#8211; \u00c9nergie en f\u00eate, ALEC du Pays Messin, Metz &#8211; animation sonore [<a href=\"https:\/\/azqs.com\/adn\/?page_id=1087&amp;preview=true\" target=\"_blank\" rel=\"noopener\">Galerie photos<\/a>]<br \/>\n<strong>F\u00e9vrier \u00e0 Mai<\/strong> &#8211; L&rsquo;ADN \u00e0 l&rsquo;INSA de Strasbourg en tant que projet pour \u00e9tudiants de G\u00e9nie M\u00e9canique &#8211; recherches sur la structure du toit, sur la structure de roulement.<\/p>\n<p><span style=\"color: #ee1746\"><strong>2018<\/strong><\/span><\/p>\n<p><span style=\"color: #ee1746\"><span style=\"color: #000000\"><span style=\"color: #333333\"><strong>27 Mai <\/strong>&#8211; Basse Zorn \u00e0 l&rsquo;An Vert, Weyersheim &#8211; r\u00e9gie son, sonorisation basse\/percussion\/guitare, conf\u00e9rences, chorale, discours [<a href=\"http:\/\/azqs.com\/adn\/galerie-photo-bzav-weyersheim-27-mai-2018\/\" target=\"_blank\" rel=\"noopener\">Galerie photos<\/a> ]<br \/>\n<\/span><\/span><\/span><\/p>\n<p><span style=\"color: #ee1746\"><strong>2017<\/strong><\/span><\/p>\n<p><span style=\"color: #ee1746\"><span style=\"color: #000000\"><span style=\"color: #333333\"><strong>7 Octobre <\/strong>&#8211; Chantiers de la sc\u00e8ne, Espace Django Reinhardt, Strasbourg &#8211; dj set \/ collage<\/span><\/span><\/span><\/p>\n<p><strong>23\/24 Septembre<\/strong> &#8211; Festival Tempocolor &#8211; Centre ville de Li\u00e8ge, Belgique &#8211; dj set, sonorisation de performances et spectacles spoken word [<a href=\"https:\/\/azqs.com\/adn\/?page_id=1012&amp;preview=true\">Galerie photos<\/a>]<strong><br \/>\n1\/2\/3 Septembre <\/strong>&#8211; Festival FuturOklatsch &#8211; Metz &#8211; espace Blida &#8211; dj set, sonorisation live act, retransmission conf\u00e9rences, dj set guests [<a href=\"http:\/\/azqs.com\/adn\/galerie-photo-futuroklatsch-espace-blida-metz-123-septembre-2017\/\">Galerie photos<\/a>]<\/p>\n<p><strong>21 Mai<\/strong> &#8211; Basse Zorn \u00e0 l&rsquo;An Vert &#8211; Weyersheim &#8211; dj set, sonorisation du groupe Shifen, conf\u00e9rences, animations, contes<strong><br \/>\n16 Mai<\/strong> &#8211; Caravane Basse Zorn \u00e0 l&rsquo;An Vert &#8211; Weithbruch &#8211; dj set, sonorisation du conte Innocent Yapi<strong><br \/>\n12 Mai <\/strong>&#8211; Caravane Basse Zorn \u00e0 l&rsquo;An Vert &#8211; Geudertheim &#8211; dj set, sonorisation du conte Innocent Yapi<strong><br \/>\n10 Mai<\/strong> &#8211; Caravane Basse Zorn \u00e0 l&rsquo;An Vert &#8211; Gries &#8211; dj set, sonorisation du conte Lena\u00efc<\/p>\n<p><strong>29\/30 Avril<\/strong> &#8211; Tramf&rsquo;Est\/Ososph\u00e8re &#8211; Entre Strasbourg et Kehl &#8211; dj set, direct radio, marionnettes avec Iris Keller [<a href=\"http:\/\/azqs.com\/adn\/galerie-photo-tramfest-ososphere-strasbourg-kehl-2930-avril-2017\/\">Galerie photos<\/a>]<strong><br \/>\n2 Avril<\/strong> &#8211; Journ\u00e9e Slow Life, Campus Vert strasbourg, parc Eug\u00e8ne Imbs, Strasbourg &#8211; dj set, atelier \u00e9criture et sc\u00e8ne ouverte, garderie d&rsquo;enfants [<a href=\"http:\/\/azqs.com\/adn\/galerie-photo-slow-life-par-campus-vert-parc-eugene-imbs-2-avril-2017\/\">Galerie photos<\/a>]<br \/>\n<strong><br \/>\n19 Mars<\/strong> &#8211; 48h de la permaculture urbaine, Jardin \u00e0 croquer, Koenigshoffen Strasbourg &#8211; dj set<strong><br \/>\n11 Mars<\/strong> &#8211; Printemps des Po\u00e8tes, m\u00e9diath\u00e8que Malraux, Strasbourg &#8211; collage sonore<strong><br \/>\n<\/strong><\/p>\n<p><span style=\"color: #ee1746\"><strong>2016<\/strong><\/span><\/p>\n<p><strong>8 Octobre<\/strong> &#8211; F\u00eate de l&rsquo;Energie, Haguenau &#8211; dj set [<a href=\"http:\/\/azqs.com\/adn\/galerie-photo-fete-de-lenergie-haguenau-8-octobre-2016\/\" target=\"_blank\" rel=\"noopener\">Galerie photos<\/a>]<\/p>\n<p><strong>24 Septembre<\/strong> &#8211; Festival Tempocolor, Li\u00e8ge (BE) &#8211; dj set + collage sonore, sc\u00e8ne ouverte, alimentation \u00e9lectrique d&rsquo;une partie du mat\u00e9riel d&rsquo;une station mobile de radio [<a href=\"http:\/\/azqs.com\/adn\/galerie-photos-festival-tempocolor-liege-24-septembre-2016\/\" target=\"_blank\" rel=\"noopener\">Galerie photos<\/a>]<strong><br \/>\n18 Septembre &#8211; <\/strong>Journ\u00e9es Europ\u00e9ennes du Patrimoine, Campus Universitaire Strasbourg &#8211; dj set\/collage sonore par La Lune [<a href=\"http:\/\/azqs.com\/adn\/galerie-photos-journees-europeennes-du-patrimoine-campus-universitaire-de-strasbourg-18-septembre-2016\/\" target=\"_blank\" rel=\"noopener\">Galerie photos<\/a>]<strong><br \/>\n16 Septembre <\/strong>&#8211; Biblioth\u00e8ques Id\u00e9ales, parvis de la m\u00e9diath\u00e8que Malraux, Strasbourg &#8211; alimentation \u00e9lectrique d&rsquo;une station de captation sonore<\/p>\n<p><strong>7 Ao\u00fbt<\/strong> &#8211; Burning Mind, dans un champs, Horbourg-Wihr &#8211; alimentation et sonorisation du groupe electronica <a href=\"https:\/\/soundcloud.com\/laflaque\" target=\"_blank\" rel=\"noopener\">La Flaque<\/a><br \/>\n<strong>6 Ao\u00fbt &#8211; <\/strong>Burning Mind, dans un champs, Horbourg-Wihr &#8211; dj sets [<a href=\"http:\/\/azqs.com\/adn\/galerie-photo-burning-mind-dans-un-champs-horbourg-wihr-6-aout-2016\/\" target=\"_blank\" rel=\"noopener\">Galerie photos<\/a>]<\/p>\n<p><strong>Ao\u00fbt &#8211; Ajout de deux g\u00e9n\u00e9ratrices v\u00e9los<\/strong><\/p>\n<p><strong>25 Juin<\/strong> &#8211; Festival des Artefacts, Z\u00e9nith de Strasbourg &#8211; dj set avec <a href=\"https:\/\/soundcloud.com\/moldav\" target=\"_blank\" rel=\"noopener\">Moldav<\/a><br \/>\n<strong>24 Juin<\/strong> &#8211; Festival des Artefacts, Z\u00e9nith de Strasbourg &#8211; dj set, open mic hiphop<\/p>\n<p><strong>29 Mai<\/strong> &#8211; &lsquo;Basse Zorn \u00e0 l&rsquo;An Vert&rsquo;, Weyersheim &#8211; sonorisation de l&rsquo;\u00e9v\u00e9nement : animation musicale dj set, discours, conf\u00e9rence\/th\u00e9\u00e2tre forum, annonces, sonorisation de groupe musical [<a href=\"http:\/\/azqs.com\/adn\/galerie-photo-basse-zorn-a-lan-vert-2-29-mai-2016-weyersheim\/\" target=\"_blank\" rel=\"noopener\">Galerie photos<\/a>]<strong><br \/>\n8 Mai <\/strong>&#8211; Alter Schlachthof Karlsruhe &#8211; dj set, live drone, retransmission radio, chill out sauvage [<a href=\"http:\/\/azqs.com\/adn\/galerie-photo-alter-schlachthof-karlsruhe-8-mai-2016\/\" target=\"_blank\" rel=\"noopener\">Galerie photos<\/a>]<\/p>\n<p><strong>24 Avril<\/strong> &#8211; Inauguration de la peinture de la Maison Citoyenne de Strasbourg &#8211; dj set [<a href=\"http:\/\/azqs.com\/adn\/galerie-photo-inauguration-de-la-mise-en-couleur-de-la-maison-citoyenne-strasbourg-24-avril-2016\/\" target=\"_blank\" rel=\"noopener\">Galerie photos<\/a>]<br \/>\n<strong>5 Avril <\/strong>&#8211; Diffusion sauvage + basket musical, quelque part \u00e0 Strasbourg &#8211; dj set, micro ouvert<strong><br \/>\n5 Avril <\/strong>&#8211; Semaine de l&rsquo;Environnement par Campus Vert, Campus Universitaire de Strasbourg &#8211; dj set<\/p>\n<p><strong>10 Mars<\/strong> &#8211; Chill out sauvage, Parc de la Citadelle, Strasbourg &#8211; dj set [<a href=\"http:\/\/azqs.com\/adn\/?page_id=628&amp;preview=true\" target=\"_blank\" rel=\"noopener\">Galerie photos<\/a>]<strong><br \/>\n10 Mars <\/strong>&#8211; R\u00e9union g\u00e9n\u00e9rale m\u00e9diath\u00e8ques de la CUS, M\u00e9diath\u00e8que Malraux, Strasbourg &#8211; performance [<a href=\"http:\/\/azqs.com\/adn\/galerie-photo-reunion-generale-mediatheque-de-la-cus-mediatheque-malraux-strasbourg-10-mars-2016\/\" target=\"_blank\" rel=\"noopener\">Galerie photos<\/a>]<\/p>\n<p><strong>22 Janvier<\/strong> &#8211; Convention Nationale des MJC d&rsquo;Alsace, centre socio culturel de Hoerdt &#8211; dj set<\/p>\n<p><span style=\"color: #ee1746\"><strong>2015<\/strong><\/span><\/p>\n<p><strong>13 Novembre <\/strong>&#8211; Festival Ososph\u00e8re, campus universitaire de Strasbourg &#8211; retransmission radio, lectures performances, concert drone spoken word [<a href=\"http:\/\/azqs.com\/adn\/?p=548\" target=\"_blank\" rel=\"noopener\">Galerie photos<\/a>]<strong><br \/>\n12 Novembre <\/strong>&#8211; Festival Ososph\u00e8re, campus universitaire de Strasbourg &#8211; retransmission radio, lectures performances, dj set<\/p>\n<p><strong>10 Octobre<\/strong> &#8211; F\u00eate de la Science, Le Vaisseau, Strasbourg &#8211; dj set [<a href=\"http:\/\/azqs.com\/adn\/?p=525\" target=\"_blank\" rel=\"noopener\">Galerie photos<\/a>]<\/p>\n<p><strong>9 Septembre<\/strong> &#8211; \u00ab\u00a0Festival Exhibitronic\u00a0\u00bb, passerelle des deux rives, Kehl &#8211; dj set [<a href=\"http:\/\/azqs.com\/adn\/?p=504\" target=\"_blank\" rel=\"noopener\">Galerie photos<\/a>]<strong><br \/>\n8 Septembre &#8211; <\/strong>\u00ab\u00a0Pr\u00e9sentation de Larkipass\u00a0\u00bb, village associatif, campus universitaire de Strasbourg\u00a0 &#8211; dj set [<a href=\"http:\/\/azqs.com\/adn\/?p=493\" target=\"_blank\" rel=\"noopener\">Galerie photos<\/a>]<br \/>\n<strong><br \/>\n28 Juin<\/strong> &#8211; Alternatiba, village des alternatives &#8211; Strasbourg &#8211; dj set [<a href=\"http:\/\/azqs.com\/adn\/gal_alternatiba\/\" target=\"_blank\" rel=\"noopener\">Galerie photos<\/a>]<br \/>\n<strong>6 Juin<\/strong> &#8211; City Stade en f\u00eate &#8211; Hoerdt &#8211; dj set\u00a0[<a href=\"http:\/\/azqs.com\/adn\/gal_citystade\/\" target=\"_blank\" rel=\"noopener\">Galerie photos<\/a>]<\/p>\n<p><strong>31 Mai<\/strong> &#8211; Inauguration biblioth\u00e8que partag\u00e9e de l&rsquo;Association Platypus &#8211; Ostwald &#8211; dj set [<a href=\"http:\/\/azqs.com\/adn\/gal_platypus\/\" target=\"_blank\" rel=\"noopener\">Galerie photos<\/a>]<br \/>\n<strong>30 Mai<\/strong> &#8211; Basse Zorn \u00e0 l&rsquo;An Vert &#8211; Weyersheim &#8211; dj set, th\u00e9\u00e2tre, discours et concert [<a href=\"http:\/\/azqs.com\/adn\/gal_an-vert\/\" target=\"_blank\" rel=\"noopener\">Galerie photos<\/a>]<\/p>\n<p><strong>12 Avril<\/strong> &#8211; Vernissage exposition \u00ab\u00a0Faire le mur\u00a0\u00bb de Zone d&rsquo;Art &#8211; Strasbourg &#8211; dj set\u00a0[<a href=\"http:\/\/azqs.com\/adn\/gal_vernisshh\/\" target=\"_blank\" rel=\"noopener\">Galerie photos<\/a>]<br \/>\n<strong>11 Avril<\/strong> &#8211; Inauguration des locaux du Shadok &#8211; Strasbourg &#8211; sc\u00e8ne ouverte slam<br \/>\n<strong>10 Avril<\/strong> &#8211; Inauguration des locaux du Shadok &#8211; Strasbourg &#8211; dj set\u00a0[<a href=\"http:\/\/azqs.com\/adn\/gal_shadok\/\" target=\"_blank\" rel=\"noopener\">Galerie photos<\/a>]<\/p>\n<p><span style=\"color: #e51414\"><strong><span style=\"color: #ee1446\">An 0<\/span><br \/>\n<\/strong><\/span><br \/>\nConstruction du syst\u00e8me ADN !\u00a0\u00a0[<a href=\"http:\/\/azqs.com\/adn\/gal_construction\/\" target=\"_blank\" rel=\"noopener\">Galerie photos<\/a>]<\/p>\n","protected":false},"excerpt":{"rendered":"<p>L&rsquo;ADN a \u00e9t\u00e9 aper\u00e7u ici ! Consultez son r\u00e9troplanning sous la forme date &#8211; contexte &#8211; localit\u00e9 &#8211; objet diffus\u00e9 sur l&rsquo;ADN et cliquez sur\u00a0[Galerie photos] pour apercevoir une galerie photo : 2019 26 Mai &#8211; Destination Nature, Leutenheim &#8211; animation sonore [Galerie photos] 23 Mai &#8211; F\u00eate du lyc\u00e9e Pflixbourg, Wintzenheim &#8211; ateliers sons [&hellip;]<\/p>\n","protected":false},"author":290,"featured_media":0,"parent":0,"menu_order":0,"comment_status":"closed","ping_status":"open","template":"","meta":{"footnotes":""},"class_list":["post-88","page","type-page","status-publish","hentry"],"_links":{"self":[{"href":"https:\/\/azqs.com\/adn\/wp-json\/wp\/v2\/pages\/88"}],"collection":[{"href":"https:\/\/azqs.com\/adn\/wp-json\/wp\/v2\/pages"}],"about":[{"href":"https:\/\/azqs.com\/adn\/wp-json\/wp\/v2\/types\/page"}],"author":[{"embeddable":true,"href":"https:\/\/azqs.com\/adn\/wp-json\/wp\/v2\/users\/290"}],"replies":[{"embeddable":true,"href":"https:\/\/azqs.com\/adn\/wp-json\/wp\/v2\/comments?post=88"}],"version-history":[{"count":4,"href":"https:\/\/azqs.com\/adn\/wp-json\/wp\/v2\/pages\/88\/revisions"}],"predecessor-version":[{"id":1096,"href":"https:\/\/azqs.com\/adn\/wp-json\/wp\/v2\/pages\/88\/revisions\/1096"}],"wp:attachment":[{"href":"https:\/\/azqs.com\/adn\/wp-json\/wp\/v2\/media?parent=88"}],"curies":[{"name":"wp","href":"https:\/\/api.w.org\/{rel}","templated":true}]}}