{"id":32,"date":"2015-03-20T14:28:26","date_gmt":"2015-03-20T13:28:26","guid":{"rendered":"http:\/\/azqs.com\/adn\/?page_id=32"},"modified":"2019-07-06T04:31:36","modified_gmt":"2019-07-06T02:31:36","slug":"presentation","status":"publish","type":"page","link":"https:\/\/azqs.com\/adn\/","title":{"rendered":"PRESENTATION"},"content":{"rendered":"<p style=\"text-align: justify\"><span style=\"color: #ee1746\"><strong>Syst\u00e8me ADN &#8211; Sonorisation mobile \u00e9nerg\u00e9tiquement autonome solaire et v\u00e9los g\u00e9n\u00e9rateurs &#8211; Animation sonore et performances &#8211; Ateliers Sonores &#8211; G\u00e9n\u00e9ratrices \u00e9lectriques<\/strong><\/span><\/p>\n<p style=\"text-align: justify\">L&rsquo;<span style=\"color: #ee1746\"><strong>ADN<\/strong> <\/span>est un <span style=\"color: #ee1746\"><strong>syst\u00e8me de diffusion sonore autonome \u00e9nerg\u00e9tiquement<\/strong><\/span> (\u00e9nergie solaire et m\u00e9canique) et <span style=\"color: #ee1746\"><strong>nomade<\/strong> <\/span>lui permettant de s&rsquo;installer dans n&rsquo;importe quel types d&rsquo;endroits. L&rsquo;ADN, pour <span style=\"color: #ee1746\"><strong>Syst\u00e8me Autonome de Diffusion Nomade<\/strong><\/span>, prend son nom car inscrit dans le chariot de portage des journaux des <span style=\"color: #ee1746\"><strong><a style=\"color: #ee1746\" href=\"http:\/\/www.dna.fr\/\" target=\"_blank\" rel=\"noopener\">Derni\u00e8res Nouvelles d&rsquo;Alsace<\/a><\/strong><\/span> mais aussi en r\u00e9f\u00e9rence \u00e0 la cha\u00eene de l&rsquo;ADN permettant les liens entre les diff\u00e9rents g\u00e8nes.<\/p>\n<p style=\"text-align: justify\">L&rsquo;ADN permet ainsi la <span style=\"color: #ee1746\"><strong>diffusion de tout \u00e9v\u00e9nement<\/strong><\/span> (sc\u00e8ne ouverte, concert, spectacle, conf\u00e9rences, performance, &#8230;) dans l&rsquo;espace public, dans des endroits o\u00f9 l&rsquo;installation d&rsquo;une sc\u00e8ne classique est incompatible ou tout simplement pour cr\u00e9er des espaces de convivialit\u00e9 autour de la parole et la musique.<\/p>\n<p style=\"text-align: justify\"><span style=\"color: #ee1746\"><strong>Envie d&rsquo;inviter l&rsquo;ADN \u00e0 votre \u00e9v\u00e9nement ? Consulter sa disponibilit\u00e9 dans l&rsquo;<a style=\"color: #ee1746\" href=\"http:\/\/azqs.com\/adn\/agenda\/\" target=\"_blank\" rel=\"noopener\">AGENDA <\/a>et contactez-nous !<\/strong><\/span><\/p>\n\n\t\t<style type=\"text\/css\">\n\t\t\t#gallery-1 {\n\t\t\t\tmargin: auto;\n\t\t\t}\n\t\t\t#gallery-1 .gallery-item {\n\t\t\t\tfloat: left;\n\t\t\t\tmargin-top: 10px;\n\t\t\t\ttext-align: center;\n\t\t\t\twidth: 100%;\n\t\t\t}\n\t\t\t#gallery-1 img {\n\t\t\t\tborder: 2px solid #cfcfcf;\n\t\t\t}\n\t\t\t#gallery-1 .gallery-caption {\n\t\t\t\tmargin-left: 0;\n\t\t\t}\n\t\t\t\/* see gallery_shortcode() in wp-includes\/media.php *\/\n\t\t<\/style>\n\t\t<div id='gallery-1' class='gallery galleryid-32 gallery-columns-1 gallery-size-large'><dl class='gallery-item'>\n\t\t\t<dt class='gallery-icon landscape'>\n\t\t\t\t<a href='https:\/\/azqs.com\/adn\/files\/2015\/03\/IMG_0995.jpg'><img loading=\"lazy\" decoding=\"async\" width=\"625\" height=\"417\" src=\"https:\/\/azqs.com\/adn\/files\/2015\/03\/IMG_0995-1024x683.jpg\" class=\"attachment-large size-large\" alt=\"\" aria-describedby=\"gallery-1-659\" srcset=\"https:\/\/azqs.com\/adn\/files\/2015\/03\/IMG_0995-1024x683.jpg 1024w, https:\/\/azqs.com\/adn\/files\/2015\/03\/IMG_0995-300x200.jpg 300w, https:\/\/azqs.com\/adn\/files\/2015\/03\/IMG_0995-768x512.jpg 768w, https:\/\/azqs.com\/adn\/files\/2015\/03\/IMG_0995-624x416.jpg 624w, https:\/\/azqs.com\/adn\/files\/2015\/03\/IMG_0995.jpg 1920w\" sizes=\"(max-width: 625px) 100vw, 625px\" \/><\/a>\n\t\t\t<\/dt>\n\t\t\t\t<dd class='wp-caption-text gallery-caption' id='gallery-1-659'>\n\t\t\t\t@Manon Kaupp\n\t\t\t\t<\/dd><\/dl><br style=\"clear: both\" \/>\n\t\t<\/div>\n\n<hr \/>\n<h2><strong><span style=\"color: #ee1746\">Donn\u00e9es techniques<\/span><br \/>\n<\/strong><\/h2>\n<p><span style=\"color: #ee1746\"><strong>Autonomie<\/strong> <\/span>: 8h, batterie GEL 130 Ah + batterie de secours<br \/>\n<span style=\"color: #ee1746\"><strong>Puissance<\/strong> <\/span>: 1200 W \/ 240 Wc photovolta\u00efque + 2 g\u00e9n\u00e9ratrices v\u00e9lo<br \/>\n<span style=\"color: #ee1746\"><strong>Rechargement<\/strong> <\/span>: entre 2 et 3 jours pour recharge compl\u00e8te<br \/>\n<span style=\"color: #ee1746\"><strong>Audio<\/strong> <\/span>: 2 * 260 Watts RMS constants (10&Prime;) JBL, 2 * TECHNICS SL1200, NUO2 mixer, table de mixage 12 pistes Soundcraft EPM12, enregistreur portable, microphones type SM58\/7 et autres mat\u00e9riels sonores pour cas sp\u00e9cifiques<\/p>\n<p style=\"text-align: justify\">La batterie stocke l&rsquo;\u00e9nergie solaire. Le panneau solaire et les g\u00e9n\u00e9ratrices\u00a0 permettent le rechargement de la batterie et en limite son d\u00e9chargement pendant utilisation. Ainsi le\u00a0 syst\u00e8me ADN fonctionne m\u00eame en cas d\u2019absence de luminosit\u00e9, l&rsquo;\u00e9nergie solaire quant \u00e0 elle n&rsquo;est pas utilis\u00e9e de mani\u00e8re directe !<\/p>\n<p style=\"text-align: center\">Envie d&rsquo;en savoir plus sur le fonctionnement ?<span style=\"color: #ee1746\"><strong> <a style=\"color: #ee1746\" href=\"http:\/\/azqs.com\/adn\/fonctionnement\/\">Rendez vous sur la suite<\/a> !<\/strong><\/span><\/p>\n<hr \/>\n<h2><span style=\"color: #ee1746\"><strong>Pr\u00e9sentation d\u00e9taill\u00e9e<\/strong><\/span><\/h2>\n<p style=\"text-align: justify\">Le journal local <span style=\"color: #ee1746\"><strong><a style=\"color: #ee1746\" href=\"http:\/\/www.dna.fr\/\" target=\"_blank\" rel=\"noopener\">Derni\u00e8res Nouvelles d&rsquo;Alsace<\/a><\/strong><\/span>, et les journaux locaux en g\u00e9n\u00e9ral, sont des m\u00e9dias bien inscrits dans le quotidien des personnes au m\u00eame titre que le journal t\u00e9l\u00e9vis\u00e9 du repas. Le journal, sous sa forme \u00e9crite, apporte donc une fen\u00eatre sur le monde ext\u00e9rieur (de la rue voisine aux pays les plus exotiques) que ce soient bonnes ou mauvaises nouvelles. Enfin, le journal se glisse dans un sac ou sous le bras et permet sa consultation en tout lieu que ce soit au restaurant, sur un banc dans un parc ou dans la file d&rsquo;attente d&rsquo;un service administratif.<\/p>\n<p style=\"text-align: justify\">En s&rsquo;inspirant de la fonction du journal (<span style=\"color: #ee1746\"><strong>le messager<\/strong><\/span>), de son adaptabilit\u00e9 de consultation en tout lieu mais aussi de sa forme (la c\u00e9l\u00e8bre charrette DNA locale), le projet consiste en la cr\u00e9ation d&rsquo;un sound-system (<span style=\"color: #ee1746\"><strong>syst\u00e8me de sonorisation<\/strong><\/span>) <strong><span style=\"color: #ee1746\">mobile<\/span>, <span style=\"color: #ee1746\">urbain<\/span> <span style=\"color: #e51414\"><span style=\"color: #ee1746\">et<\/span> <span style=\"color: #ee1746\">autonome<\/span> <span style=\"color: #ee1746\">\u00e9nerg\u00e9tiquement<\/span><\/span><\/strong> (solaire et \u00e9nergie m\u00e9canique) autour de la charrette DNA qui sert habituellement au transport et \u00e0 la distribution des journaux du m\u00eame nom.<\/p>\n\n\t\t<style type=\"text\/css\">\n\t\t\t#gallery-2 {\n\t\t\t\tmargin: auto;\n\t\t\t}\n\t\t\t#gallery-2 .gallery-item {\n\t\t\t\tfloat: left;\n\t\t\t\tmargin-top: 10px;\n\t\t\t\ttext-align: center;\n\t\t\t\twidth: 100%;\n\t\t\t}\n\t\t\t#gallery-2 img {\n\t\t\t\tborder: 2px solid #cfcfcf;\n\t\t\t}\n\t\t\t#gallery-2 .gallery-caption {\n\t\t\t\tmargin-left: 0;\n\t\t\t}\n\t\t\t\/* see gallery_shortcode() in wp-includes\/media.php *\/\n\t\t<\/style>\n\t\t<div id='gallery-2' class='gallery galleryid-32 gallery-columns-1 gallery-size-large'><dl class='gallery-item'>\n\t\t\t<dt class='gallery-icon landscape'>\n\t\t\t\t<a href='https:\/\/azqs.com\/adn\/files\/2015\/03\/IMG_3843.jpg'><img loading=\"lazy\" decoding=\"async\" width=\"625\" height=\"469\" src=\"https:\/\/azqs.com\/adn\/files\/2015\/03\/IMG_3843-1024x768.jpg\" class=\"attachment-large size-large\" alt=\"\" srcset=\"https:\/\/azqs.com\/adn\/files\/2015\/03\/IMG_3843.jpg 1024w, https:\/\/azqs.com\/adn\/files\/2015\/03\/IMG_3843-300x225.jpg 300w\" sizes=\"(max-width: 625px) 100vw, 625px\" \/><\/a>\n\t\t\t<\/dt><\/dl><br style=\"clear: both\" \/>\n\t\t<\/div>\n\n<p style=\"text-align: justify\">La musique v\u00e9hicul\u00e9e par le sound-system est \u00e0 l&rsquo;\u00e9gal du journal\u00a0: une fen\u00eatre sur d&rsquo;autres univers, un moyen de voyager par l&rsquo;\u00e9vocation de l&rsquo;imagination, un porte parole d&rsquo;un message.<\/p>\n<p style=\"text-align: justify\">En s&rsquo;inspirant de l&rsquo;ensemble de ces concepts, le projet est baptis\u00e9 &lsquo;<span style=\"color: #ee1746\"><strong>syst\u00e8me ADN<\/strong><\/span>&lsquo; pour syst\u00e8me <span style=\"color: #ee1746\"><strong>Autonome de Diffusion Nomade<\/strong><\/span>. Tout comme la cha\u00eene g\u00e9n\u00e9tique ADN permet le lien entre les g\u00e9n\u00e9rations, le projet permet le lien entre les personnes (passants, \u00e9tudiants, passionn\u00e9 de culture ou de technologie, professionnel), entre la technologie et la culture et entre les diff\u00e9rents territoires g\u00e9ographiques o\u00f9 le projet sera appel\u00e9 \u00e0 diffuser.<\/p>\n<p style=\"text-align: justify\">L&rsquo;objectif du sound system mobile et urbain est de <span style=\"color: #ee1746\"><strong>pouvoir sonoriser des espaces urbains de mani\u00e8re autonome et simplifi\u00e9e dans le cadre de manifestations particuli\u00e8res<\/strong> <\/span>(\u00e9v\u00e9nements \u00e9tudiants, \u00e9v\u00e9nements publics ou priv\u00e9s, festival, happenings, sc\u00e9nographie urbaine, micro ouvert, contes pour enfants et adultes, sc\u00e8ne Slam, spectacles divers, conf\u00e9rences \u2026). Comme le journal, le sound-system mobile urbain permet d&rsquo;apporter un message hors des murs du cadre priv\u00e9 comme la t\u00e9l\u00e9vision et\/ou de transformer l&rsquo;espace urbain mais aussi de cr\u00e9er des espaces de rencontre et de synergie entre les acteurs et spectateurs inscrit au sein de l&rsquo;\u00e9v\u00e9nement. Son infrastructure propre et surtout son autonomie \u00e9nerg\u00e9tique permet \u00e9galement d&rsquo;apporter une <span style=\"color: #ee1746\"><strong>sensibilisation \u00e9nerg\u00e9tique<\/strong> <\/span>et une approche environnementale certaine.<\/p>\n<p style=\"text-align: justify\">La pratique de Dj se fait via le m\u00e9dia du vinyle pour Martial (dj sous l&rsquo;alias de &lsquo;<span style=\"color: #ee1746\"><a style=\"color: #ee1746\" href=\"https:\/\/www.facebook.com\/pages\/Moonlight-Sonata\/373110953331?ref=bookmarks\" target=\"_blank\" rel=\"noopener\">Moonlight Sonata<\/a><\/span>&lsquo; et porteur du projet) qui est un format \u00ab\u00a0affectif\u00a0\u00bb auquel on y lie plus facilement des \u00e9motions et des souvenirs car physiquement visible et palpable. Le mat\u00e9riau des disques remplacera les habituels journaux porteurs du message destin\u00e9 \u00e0 ses lecteurs mais qui prendra ici la forme de fr\u00e9quences sonores.<\/p>\n<p style=\"text-align: justify\"><a href=\"http:\/\/azqs.com\/florent8schmitt\/\" target=\"_blank\" rel=\"noopener\"><span style=\"color: #ee1746\">Florent<\/span><\/a> (po\u00e8te plasticien et porteur du projet) organise des \u00e9v\u00e9nements autour du slam et du spoken word depuis plusieurs ann\u00e9es, les mots sont pour lui un moyen de cr\u00e9er des espaces de rencontre. Le projet permettra d&rsquo;\u00e9tablir ces rencontres dans l&rsquo;espace public (places et parcs) et de toucher de nouveaux spectateurs. Le slam est un \u00e9v\u00e9nement qui peut prendre la forme d&rsquo;un dispositif de sc\u00e8ne ouverte, un micro ouvert \u00e0 tous.<\/p>\n<p style=\"text-align: justify\">Le dispositif sera cependant <span style=\"color: #ee1746\"><strong>capable d&rsquo;accueillir toute autre source sonore<\/strong><\/span> (Cds, ordinateur, micro, \u2026) voire de servir de g\u00e9n\u00e9ratrice \u00e9lectrique pour la diffusion de films par exemple.<\/p>\n<p style=\"text-align: justify\">Enfin, ce projet est <span style=\"color: #ee1746\"><strong>laur\u00e9at de l&rsquo;appel \u00e0 projet &lsquo;Hors-les-Murs&rsquo;<\/strong><\/span> (2014) par<span style=\"color: #ee1746\"><strong> <a style=\"color: #ee1746\" href=\"http:\/\/www.shadok.strasbourg.eu\/\" target=\"_blank\" rel=\"noopener\">Le Shadok<\/a><\/strong><\/span>, plateforme existante autour des nouvelles technologies et permettant le d\u00e9veloppement de projets innovants sans r\u00e9elles barri\u00e8res statutaires pour les personnes physiques telles que la possibilit\u00e9 d&rsquo;\u00e9changes entre professionnels, \u00e9tudiants, passionn\u00e9s ou simples curieux.<\/p>\n<p>L&rsquo;ajout de g\u00e9n\u00e9ratrices \u00e9lectriques de type p\u00e9dales v\u00e9lo a \u00e9t\u00e9 permis gr\u00e2ce au soutien et \u00e0 la coproduction de <strong><span style=\"color: #ee1746\">Quatre 4.0 \/ L&rsquo;Ososph\u00e8re<\/span><\/strong>, structure culturelle dans l&rsquo;EST de la France porteuse des festivals comme Ososph\u00e8re ou Artefacts entre autres.<\/p>\n<p style=\"text-align: justify\">Ce projet est \u00e9galement soutenu par l&rsquo;<span style=\"color: #ee1746\"><strong><a style=\"color: #ee1746\" href=\"http:\/\/www.unistra.fr\/index.php?id=accueil\" target=\"_blank\" rel=\"noopener\">Universit\u00e9 de Strasbourg<\/a><\/strong><\/span> et le <span style=\"color: #ee1746\"><strong><a style=\"color: #ee1746\" href=\"http:\/\/www.crous-strasbourg.fr\/\" target=\"_blank\" rel=\"noopener\">CROUS de Strasbourg<\/a><\/strong><\/span>, acteurs primordiaux du public \u00e9tudiant strasbourgeois. Le journal des <span style=\"color: #ee1746\"><strong><a style=\"color: #ee1746\" href=\"http:\/\/www.dna.fr\/\" target=\"_blank\" rel=\"noopener\">Derni\u00e8res Nouvelles d&rsquo;Alsace<\/a> <\/strong><\/span>pr\u00eate \u00e9galement l&rsquo;utilisation de son identit\u00e9 visuelle au projet et l&rsquo;utilisation de son chariot de portage. L&rsquo;association <span style=\"color: #ee1746\"><strong>Larkipass<\/strong> <\/span>(\u00e9changes artistiques dans la sph\u00e8re \u00e9tudiante) soutient le projet et enfin l&rsquo;association <span style=\"color: #ee1746\"><a style=\"color: #ee1746\" href=\"http:\/\/azqs.com\/invocat\/\" target=\"_blank\" rel=\"noopener\"><strong>Invocat<\/strong><\/a><\/span> est porteuse de ce projet. La pr\u00e9paration (peinture, soudure, &#8230;) de l&rsquo;ADN a \u00e9t\u00e9 en partie r\u00e9alis\u00e9e dans les ateliers de <span style=\"color: #ee1746\"><strong><a style=\"color: #ee1746\" href=\"http:\/\/www.carrosserie-hh.com\/\" target=\"_blank\" rel=\"noopener\">H.H. Services<\/a><\/strong><\/span>.<\/p>\n<p style=\"text-align: justify\">Le projet respecte \u00e9galement des id\u00e9ologies plus g\u00e9n\u00e9rales comme la <span style=\"color: #ee1746\"><strong>promotion d&rsquo;un monde plus libre <\/strong><\/span>avec la diffusion d\u2019\u0153uvres et pi\u00e8ces sonores hors des circuits r\u00e9gis par la seule composante commerciale, le <span style=\"color: #ee1746\"><strong>respect des \u00eatres vivants<\/strong><\/span> (humains et animaux), n&rsquo;est pas inscrit dans un parti politique quelconque, et permet une <span style=\"color: #ee1746\"><strong>approche de la sensibilisation \u00e9nerg\u00e9tique et environnementale<\/strong><\/span>.<\/p>\n<p style=\"text-align: center\">ConvaincuE ? <span style=\"color: #ee1746\"><strong><a style=\"color: #ee1746\" href=\"http:\/\/azqs.com\/adn\/utilisation\/\">Rendez vous sur la page Utilisation<\/a><\/strong><\/span> !<\/p>\n\n\t\t<style type=\"text\/css\">\n\t\t\t#gallery-3 {\n\t\t\t\tmargin: auto;\n\t\t\t}\n\t\t\t#gallery-3 .gallery-item {\n\t\t\t\tfloat: left;\n\t\t\t\tmargin-top: 10px;\n\t\t\t\ttext-align: center;\n\t\t\t\twidth: 100%;\n\t\t\t}\n\t\t\t#gallery-3 img {\n\t\t\t\tborder: 2px solid #cfcfcf;\n\t\t\t}\n\t\t\t#gallery-3 .gallery-caption {\n\t\t\t\tmargin-left: 0;\n\t\t\t}\n\t\t\t\/* see gallery_shortcode() in wp-includes\/media.php *\/\n\t\t<\/style>\n\t\t<div id='gallery-3' class='gallery galleryid-32 gallery-columns-1 gallery-size-large'><dl class='gallery-item'>\n\t\t\t<dt class='gallery-icon portrait'>\n\t\t\t\t<img loading=\"lazy\" decoding=\"async\" width=\"625\" height=\"937\" src=\"https:\/\/azqs.com\/adn\/files\/2015\/03\/IMG_1002-683x1024.jpg\" class=\"attachment-large size-large\" alt=\"\" aria-describedby=\"gallery-3-661\" srcset=\"https:\/\/azqs.com\/adn\/files\/2015\/03\/IMG_1002-683x1024.jpg 683w, https:\/\/azqs.com\/adn\/files\/2015\/03\/IMG_1002-200x300.jpg 200w, https:\/\/azqs.com\/adn\/files\/2015\/03\/IMG_1002-768x1152.jpg 768w, https:\/\/azqs.com\/adn\/files\/2015\/03\/IMG_1002-624x936.jpg 624w, https:\/\/azqs.com\/adn\/files\/2015\/03\/IMG_1002.jpg 1280w\" sizes=\"(max-width: 625px) 100vw, 625px\" \/>\n\t\t\t<\/dt>\n\t\t\t\t<dd class='wp-caption-text gallery-caption' id='gallery-3-661'>\n\t\t\t\t@Manon Kaupp\n\t\t\t\t<\/dd><\/dl><br style=\"clear: both\" \/>\n\t\t<\/div>\n\n","protected":false},"excerpt":{"rendered":"<p>Syst\u00e8me ADN &#8211; Sonorisation mobile \u00e9nerg\u00e9tiquement autonome solaire et v\u00e9los g\u00e9n\u00e9rateurs &#8211; Animation sonore et performances &#8211; Ateliers Sonores &#8211; G\u00e9n\u00e9ratrices \u00e9lectriques L&rsquo;ADN est un syst\u00e8me de diffusion sonore autonome \u00e9nerg\u00e9tiquement (\u00e9nergie solaire et m\u00e9canique) et nomade lui permettant de s&rsquo;installer dans n&rsquo;importe quel types d&rsquo;endroits. L&rsquo;ADN, pour Syst\u00e8me Autonome de Diffusion Nomade, prend son [&hellip;]<\/p>\n","protected":false},"author":290,"featured_media":0,"parent":0,"menu_order":0,"comment_status":"closed","ping_status":"closed","template":"","meta":{"footnotes":""},"class_list":["post-32","page","type-page","status-publish","hentry"],"_links":{"self":[{"href":"https:\/\/azqs.com\/adn\/wp-json\/wp\/v2\/pages\/32"}],"collection":[{"href":"https:\/\/azqs.com\/adn\/wp-json\/wp\/v2\/pages"}],"about":[{"href":"https:\/\/azqs.com\/adn\/wp-json\/wp\/v2\/types\/page"}],"author":[{"embeddable":true,"href":"https:\/\/azqs.com\/adn\/wp-json\/wp\/v2\/users\/290"}],"replies":[{"embeddable":true,"href":"https:\/\/azqs.com\/adn\/wp-json\/wp\/v2\/comments?post=32"}],"version-history":[{"count":4,"href":"https:\/\/azqs.com\/adn\/wp-json\/wp\/v2\/pages\/32\/revisions"}],"predecessor-version":[{"id":1084,"href":"https:\/\/azqs.com\/adn\/wp-json\/wp\/v2\/pages\/32\/revisions\/1084"}],"wp:attachment":[{"href":"https:\/\/azqs.com\/adn\/wp-json\/wp\/v2\/media?parent=32"}],"curies":[{"name":"wp","href":"https:\/\/api.w.org\/{rel}","templated":true}]}}