{"id":212,"date":"2016-11-27T18:11:30","date_gmt":"2016-11-27T17:11:30","guid":{"rendered":"http:\/\/azqs.com\/adlibitum\/?page_id=212"},"modified":"2025-05-08T21:18:24","modified_gmt":"2025-05-08T19:18:24","slug":"partenaires","status":"publish","type":"page","link":"https:\/\/azqs.com\/adlibitum\/partenaires\/","title":{"rendered":"Partenaires de l&rsquo;association"},"content":{"rendered":"<table style=\"border-color: #ffffff\" border=\"0\">\n<tbody>\n<tr>\n<td>\n<p><div id=\"attachment_297\" style=\"width: 290px\" class=\"wp-caption aligncenter\"><a href=\"http:\/\/strasbourg.curieux.net\/agenda\/\" target=\"_blank\" rel=\"noopener\"><img loading=\"lazy\" decoding=\"async\" aria-describedby=\"caption-attachment-297\" class=\"wp-image-297 \" title=\"Strasbourg Curieux\" src=\"http:\/\/azqs.com\/adlibitum\/files\/2016\/12\/Strasbourg-curieux-300x45.jpg\" alt=\"strasbourg-curieux\" width=\"280\" height=\"54\" \/><\/a><p id=\"caption-attachment-297\" class=\"wp-caption-text\">Agenda des \u00e9v\u00e9nements \u00e0 Strasbourg<\/p><\/div><\/td>\n<td>\n<p><div id=\"attachment_296\" style=\"width: 198px\" class=\"wp-caption aligncenter\"><a href=\"https:\/\/missionvoixalsace.org\" target=\"_blank\" rel=\"noopener\"><img loading=\"lazy\" decoding=\"async\" aria-describedby=\"caption-attachment-296\" class=\"wp-image-296 size-full\" title=\"Mission Voix Alsace\" src=\"http:\/\/azqs.com\/adlibitum\/files\/2016\/12\/logo-mission_voix_alsace.jpg\" alt=\"logo-mission_voix_alsace\" width=\"188\" height=\"117\" \/><\/a><p id=\"caption-attachment-296\" class=\"wp-caption-text\">Ressources autour de la voix : annuaire de ch\u0153urs, concerts,&#8230;<\/p><\/div><\/td>\n<\/tr>\n<tr>\n<td>\n<p><div id=\"attachment_404\" style=\"width: 272px\" class=\"wp-caption aligncenter\"><a href=\"http:\/\/noel.strasbourg.eu\"><img loading=\"lazy\" decoding=\"async\" aria-describedby=\"caption-attachment-404\" class=\"wp-image-404\" title=\"Concerts de No\u00ebl\" src=\"http:\/\/azqs.com\/adlibitum\/files\/2016\/12\/Strasbourg-capitale-noel-300x190.jpg\" alt=\"strasbourg-capitale-noel\" width=\"262\" height=\"171\" \/><\/a><p id=\"caption-attachment-404\" class=\"wp-caption-text\">Concerts de No\u00ebl de Strasbourg Capitale de No\u00ebl<\/p><\/div><\/td>\n<td>\n<p><div id=\"attachment_295\" style=\"width: 260px\" class=\"wp-caption aligncenter\"><a href=\"http:\/\/www.mdas.org\/\" target=\"_blank\" rel=\"noopener\"><img loading=\"lazy\" decoding=\"async\" aria-describedby=\"caption-attachment-295\" class=\"wp-image-295 \" title=\"Maison des Associations de Strasbourg\" src=\"http:\/\/azqs.com\/adlibitum\/files\/2016\/12\/logo-Maison-des-associations-300x186.png\" alt=\"logo-maison-des-associations\" width=\"250\" height=\"160\" \/><\/a><p id=\"caption-attachment-295\" class=\"wp-caption-text\">Ressources et annuaire des associations de Strasbourg Si\u00e8ge social de l&rsquo;association Ch\u0153ur Ad Libitum<\/p><\/div><\/td>\n<\/tr>\n<tr>\n<td><a href=\"http:\/\/azqs.com\/\" target=\"_blank\" rel=\"noopener\"><img loading=\"lazy\" decoding=\"async\" class=\"wp-image-337 size-full aligncenter\" title=\"AZQS\" src=\"http:\/\/azqs.com\/adlibitum\/files\/2016\/12\/logo-azqs.jpg\" alt=\"logo-azqs\" width=\"121\" height=\"59\" \/><\/a><span style=\"font-size: 10pt\">H\u00e9bergement associatif bas\u00e9 a Strasbourg<\/span><\/p>\n<div class=\"mceTemp\"><\/div>\n<\/td>\n<td>\n<p><div id=\"attachment_294\" style=\"width: 235px\" class=\"wp-caption aligncenter\"><a href=\"https:\/\/www.donnerenligne.fr\/choeur-ad-libitum\/faire-un-don\/\" target=\"_blank\" rel=\"noopener\"><img loading=\"lazy\" decoding=\"async\" aria-describedby=\"caption-attachment-294\" class=\"wp-image-294\" title=\"Hello Asso\" src=\"http:\/\/azqs.com\/adlibitum\/files\/2016\/12\/Logo-HelloAsso-300x120.png\" alt=\"logo-helloasso\" width=\"225\" height=\"97\" \/><\/a><p id=\"caption-attachment-294\" class=\"wp-caption-text\">Site web de crowdfunding pour les associations<\/p><\/div><\/td>\n<\/tr>\n<tr>\n<td><\/td>\n<td><\/td>\n<\/tr>\n<\/tbody>\n<\/table>\n<p>&nbsp;<\/p>\n","protected":false},"excerpt":{"rendered":"<p>H\u00e9bergement associatif bas\u00e9 a Strasbourg &nbsp;<\/p>\n","protected":false},"author":309,"featured_media":0,"parent":0,"menu_order":0,"comment_status":"closed","ping_status":"closed","template":"","meta":{"footnotes":""},"class_list":["post-212","page","type-page","status-publish","hentry"],"_links":{"self":[{"href":"https:\/\/azqs.com\/adlibitum\/wp-json\/wp\/v2\/pages\/212"}],"collection":[{"href":"https:\/\/azqs.com\/adlibitum\/wp-json\/wp\/v2\/pages"}],"about":[{"href":"https:\/\/azqs.com\/adlibitum\/wp-json\/wp\/v2\/types\/page"}],"author":[{"embeddable":true,"href":"https:\/\/azqs.com\/adlibitum\/wp-json\/wp\/v2\/users\/309"}],"replies":[{"embeddable":true,"href":"https:\/\/azqs.com\/adlibitum\/wp-json\/wp\/v2\/comments?post=212"}],"version-history":[{"count":4,"href":"https:\/\/azqs.com\/adlibitum\/wp-json\/wp\/v2\/pages\/212\/revisions"}],"predecessor-version":[{"id":915,"href":"https:\/\/azqs.com\/adlibitum\/wp-json\/wp\/v2\/pages\/212\/revisions\/915"}],"wp:attachment":[{"href":"https:\/\/azqs.com\/adlibitum\/wp-json\/wp\/v2\/media?parent=212"}],"curies":[{"name":"wp","href":"https:\/\/api.w.org\/{rel}","templated":true}]}}